{"id":81699,"date":"2020-03-07T17:54:49","date_gmt":"2020-03-07T20:54:49","guid":{"rendered":"https:\/\/www.jornalja.com.br\/ambiente\/?page_id=81699"},"modified":"2026-02-18T15:26:19","modified_gmt":"2026-02-18T18:26:19","slug":"home","status":"publish","type":"page","link":"https:\/\/www.jornalja.com.br\/ambiente\/","title":{"rendered":""},"content":{"rendered":"\n<div class=\"wp-block-columns is-layout-flex wp-container-core-columns-is-layout-28f84493 wp-block-columns-is-layout-flex\">\n<div class=\"wp-block-column is-layout-flow wp-block-column-is-layout-flow\" style=\"flex-basis:66.66%\">\n<div class=\"wp-block-query is-layout-flow wp-block-query-is-layout-flow\"><ul class=\"wp-block-post-template is-layout-flow wp-container-core-post-template-is-layout-4ce8daac wp-block-post-template-is-layout-flow\"><li class=\"wp-block-post post-86036 post type-post status-publish format-standard has-post-thumbnail hentry category-ambiente-geral\">\n<div class=\"has-text-align-center wp-block-post-date\"><time datetime=\"2026-04-27T13:20:06-03:00\">27 de abril de 2026<\/time><\/div>\n\n<figure style=\"height:350px; margin-top:0.5rem;margin-bottom:0.5rem;\" class=\"wp-block-post-featured-image\"><a href=\"https:\/\/www.jornalja.com.br\/ambiente\/comite-alerta-parlamentares-sobre-riscos-ambientais-e-sanitarios-com-nova-fabrica-de-celulose-em-barra-do-ribeiro\/\" target=\"_self\"  style=\"height:350px\"><img decoding=\"async\" width=\"300\" height=\"200\" src=\"https:\/\/www.jornalja.com.br\/ambiente\/wp-content\/uploads\/sites\/3\/2026\/04\/20260407-0020-plenaria-cmpc-camara-poa-ramiro-sanchez-oaf2035-300x200.jpg\" class=\"attachment-medium size-medium wp-post-image\" alt=\"Comit\u00ea alerta parlamentares sobre riscos ambientais e sanit\u00e1rios com nova f\u00e1brica de celulose em Barra do Ribeiro\" style=\"height:350px;object-fit:contain;\" srcset=\"https:\/\/www.jornalja.com.br\/ambiente\/wp-content\/uploads\/sites\/3\/2026\/04\/20260407-0020-plenaria-cmpc-camara-poa-ramiro-sanchez-oaf2035-300x200.jpg 300w, https:\/\/www.jornalja.com.br\/ambiente\/wp-content\/uploads\/sites\/3\/2026\/04\/20260407-0020-plenaria-cmpc-camara-poa-ramiro-sanchez-oaf2035-1024x682.jpg 1024w, https:\/\/www.jornalja.com.br\/ambiente\/wp-content\/uploads\/sites\/3\/2026\/04\/20260407-0020-plenaria-cmpc-camara-poa-ramiro-sanchez-oaf2035-768x512.jpg 768w, https:\/\/www.jornalja.com.br\/ambiente\/wp-content\/uploads\/sites\/3\/2026\/04\/20260407-0020-plenaria-cmpc-camara-poa-ramiro-sanchez-oaf2035.jpg 1100w\" sizes=\"(max-width: 300px) 100vw, 300px\" data-attachment-id=\"86042\" data-permalink=\"https:\/\/www.jornalja.com.br\/ambiente\/comite-alerta-parlamentares-sobre-riscos-ambientais-e-sanitarios-com-nova-fabrica-de-celulose-em-barra-do-ribeiro\/por-ramiro-sanchez-outroangulofoto-5\/\" data-orig-file=\"https:\/\/www.jornalja.com.br\/ambiente\/wp-content\/uploads\/sites\/3\/2026\/04\/20260407-0020-plenaria-cmpc-camara-poa-ramiro-sanchez-oaf2035.jpg\" data-orig-size=\"1100,733\" data-comments-opened=\"0\" data-image-meta=\"{&quot;aperture&quot;:&quot;3.2&quot;,&quot;credit&quot;:&quot;Ramiro Sanchez\/@outroangulofoto&quot;,&quot;camera&quot;:&quot;NIKON Z 50&quot;,&quot;caption&quot;:&quot;&quot;,&quot;created_timestamp&quot;:&quot;1775607610&quot;,&quot;copyright&quot;:&quot;Ramiro Sanchez&quot;,&quot;focal_length&quot;:&quot;27&quot;,&quot;iso&quot;:&quot;2000&quot;,&quot;shutter_speed&quot;:&quot;0.005&quot;,&quot;title&quot;:&quot;Por Ramiro Sanchez\/@outroangulofoto&quot;,&quot;orientation&quot;:&quot;0&quot;}\" data-image-title=\"Por Ramiro Sanchez\/@outroangulofoto\" data-image-description=\"\" data-image-caption=\"&lt;p&gt;Integrantes do Comit\u00ea, formado por especialistas de universidades e entidades ambientais, participaram de encontro na C\u00e2mara Municipal de Porto Alegre. Foto: Ramiro Sanchez\/@outroangulofoto\/J\u00c1&lt;\/p&gt;\n\" data-large-file=\"https:\/\/www.jornalja.com.br\/ambiente\/wp-content\/uploads\/sites\/3\/2026\/04\/20260407-0020-plenaria-cmpc-camara-poa-ramiro-sanchez-oaf2035-1024x682.jpg\" \/><\/a><\/figure>\n\n<h2 class=\"has-text-align-center wp-block-post-title\"><a href=\"https:\/\/www.jornalja.com.br\/ambiente\/comite-alerta-parlamentares-sobre-riscos-ambientais-e-sanitarios-com-nova-fabrica-de-celulose-em-barra-do-ribeiro\/\" target=\"_self\" >Comit\u00ea alerta parlamentares sobre riscos ambientais e sanit\u00e1rios com nova f\u00e1brica de celulose em Barra do Ribeiro<\/a><\/h2>\n<\/li><li class=\"wp-block-post post-86002 post type-post status-publish format-standard has-post-thumbnail hentry category-ambiente-geral category-manchete-do-site\">\n<div class=\"has-text-align-center wp-block-post-date\"><time datetime=\"2026-03-30T20:03:16-03:00\">30 de mar\u00e7o de 2026<\/time><\/div>\n\n<figure style=\"height:350px; margin-top:0.5rem;margin-bottom:0.5rem;\" class=\"wp-block-post-featured-image\"><a href=\"https:\/\/www.jornalja.com.br\/ambiente\/biologa-aponta-falhas-tecnicas-no-estudo-de-impacto-ambiental-da-nova-fabrica-de-celulose-em-barra-do-ribeiro\/\" target=\"_self\"  style=\"height:350px\"><img decoding=\"async\" width=\"300\" height=\"189\" src=\"https:\/\/www.jornalja.com.br\/ambiente\/wp-content\/uploads\/sites\/3\/2026\/03\/barba-negra-celulose-riograndense-rppn-foto-divulgacao-cmpc-300x189.png\" class=\"attachment-medium size-medium wp-post-image\" alt=\"Bi\u00f3loga aponta falhas t\u00e9cnicas no estudo de impacto ambiental da nova f\u00e1brica de celulose em Barra do Ribeiro\" style=\"height:350px;object-fit:contain;\" srcset=\"https:\/\/www.jornalja.com.br\/ambiente\/wp-content\/uploads\/sites\/3\/2026\/03\/barba-negra-celulose-riograndense-rppn-foto-divulgacao-cmpc-300x189.png 300w, https:\/\/www.jornalja.com.br\/ambiente\/wp-content\/uploads\/sites\/3\/2026\/03\/barba-negra-celulose-riograndense-rppn-foto-divulgacao-cmpc.png 640w\" sizes=\"(max-width: 300px) 100vw, 300px\" data-attachment-id=\"85897\" data-permalink=\"https:\/\/www.jornalja.com.br\/ambiente\/mpf-recomenda-suspender-licenciamento-de-industria-de-celulose-da-cpmc-em-barra-do-ribeiro\/barba-negra-celulose-riograndense-rppn_foto-divulgacao-cmpc\/\" data-orig-file=\"https:\/\/www.jornalja.com.br\/ambiente\/wp-content\/uploads\/sites\/3\/2026\/03\/barba-negra-celulose-riograndense-rppn-foto-divulgacao-cmpc.png\" data-orig-size=\"640,403\" data-comments-opened=\"0\" data-image-meta=\"{&quot;aperture&quot;:&quot;0&quot;,&quot;credit&quot;:&quot;&quot;,&quot;camera&quot;:&quot;&quot;,&quot;caption&quot;:&quot;&quot;,&quot;created_timestamp&quot;:&quot;0&quot;,&quot;copyright&quot;:&quot;&quot;,&quot;focal_length&quot;:&quot;0&quot;,&quot;iso&quot;:&quot;0&quot;,&quot;shutter_speed&quot;:&quot;0&quot;,&quot;title&quot;:&quot;&quot;,&quot;orientation&quot;:&quot;0&quot;}\" data-image-title=\"Barba-Negra-Celulose-Riograndense-RPPN_Foto Divulga\u00e7\u00e3o CMPC\" data-image-description=\"\" data-image-caption=\"&lt;p&gt;\u00c1rea da Fazenda Barba Negra, da CMPC, em Barra do Ribeiro, possui \u00e1gua classificada como a da melhor qualidade poss\u00edvel. Regi\u00e3o \u00e9 uma que corre risco, alerta especialista. Foto Divulga\u00e7\u00e3o\/ CMPC&lt;\/p&gt;\n\" data-large-file=\"https:\/\/www.jornalja.com.br\/ambiente\/wp-content\/uploads\/sites\/3\/2026\/03\/barba-negra-celulose-riograndense-rppn-foto-divulgacao-cmpc.png\" \/><\/a><\/figure>\n\n<h2 class=\"has-text-align-center wp-block-post-title\"><a href=\"https:\/\/www.jornalja.com.br\/ambiente\/biologa-aponta-falhas-tecnicas-no-estudo-de-impacto-ambiental-da-nova-fabrica-de-celulose-em-barra-do-ribeiro\/\" target=\"_self\" >Bi\u00f3loga aponta falhas t\u00e9cnicas no estudo de impacto ambiental da nova f\u00e1brica de celulose em Barra do Ribeiro<\/a><\/h2>\n<\/li><\/ul><\/div>\n<\/div>\n\n\n\n<div class=\"wp-block-column is-layout-flow wp-block-column-is-layout-flow\" style=\"flex-basis:33.33%\">\n<div class=\"wp-block-query is-layout-flow wp-block-query-is-layout-flow\"><ul class=\"columns-1 wp-block-post-template is-layout-grid wp-container-core-post-template-is-layout-8b2b830d wp-block-post-template-is-layout-grid\"><li class=\"wp-block-post post-85969 post type-post status-publish format-standard has-post-thumbnail hentry category-ambiente-geral category-manchete-do-site\">\n<div class=\"has-text-align-center wp-block-post-date\"><time datetime=\"2026-03-22T21:29:04-03:00\">22 de mar\u00e7o de 2026<\/time><\/div>\n\n<figure style=\"margin-top:0.5rem;margin-bottom:0.5rem;\" class=\"wp-block-post-featured-image\"><a href=\"https:\/\/www.jornalja.com.br\/ambiente\/centenario-de-flavio-lewgoy-um-gigante-na-defesa-do-meio-ambiente\/\" target=\"_self\"  ><img decoding=\"async\" width=\"300\" height=\"215\" src=\"https:\/\/www.jornalja.com.br\/ambiente\/wp-content\/uploads\/sites\/3\/2026\/03\/flavio-lewgoy-4-fotocleberdionitentardini-scaled-e1774205623588-1-300x215.jpg\" class=\"attachment-medium size-medium wp-post-image\" alt=\"Centen\u00e1rio de Fl\u00e1vio Lewgoy: um gigante na defesa do meio ambiente\" style=\"object-fit:contain;\" srcset=\"https:\/\/www.jornalja.com.br\/ambiente\/wp-content\/uploads\/sites\/3\/2026\/03\/flavio-lewgoy-4-fotocleberdionitentardini-scaled-e1774205623588-1-300x215.jpg 300w, https:\/\/www.jornalja.com.br\/ambiente\/wp-content\/uploads\/sites\/3\/2026\/03\/flavio-lewgoy-4-fotocleberdionitentardini-scaled-e1774205623588-1-1024x732.jpg 1024w, https:\/\/www.jornalja.com.br\/ambiente\/wp-content\/uploads\/sites\/3\/2026\/03\/flavio-lewgoy-4-fotocleberdionitentardini-scaled-e1774205623588-1-768x549.jpg 768w, https:\/\/www.jornalja.com.br\/ambiente\/wp-content\/uploads\/sites\/3\/2026\/03\/flavio-lewgoy-4-fotocleberdionitentardini-scaled-e1774205623588-1-1536x1098.jpg 1536w, https:\/\/www.jornalja.com.br\/ambiente\/wp-content\/uploads\/sites\/3\/2026\/03\/flavio-lewgoy-4-fotocleberdionitentardini-scaled-e1774205623588-1.jpg 1600w\" sizes=\"(max-width: 300px) 100vw, 300px\" data-attachment-id=\"85981\" data-permalink=\"https:\/\/www.jornalja.com.br\/ambiente\/flavio-lewgoy-4-fotocleberdionitentardini-scaled-e1774205623588\/\" data-orig-file=\"https:\/\/www.jornalja.com.br\/ambiente\/wp-content\/uploads\/sites\/3\/2026\/03\/flavio-lewgoy-4-fotocleberdionitentardini-scaled-e1774205623588-1.jpg\" data-orig-size=\"1600,1144\" data-comments-opened=\"0\" data-image-meta=\"{&quot;aperture&quot;:&quot;0&quot;,&quot;credit&quot;:&quot;&quot;,&quot;camera&quot;:&quot;&quot;,&quot;caption&quot;:&quot;&quot;,&quot;created_timestamp&quot;:&quot;0&quot;,&quot;copyright&quot;:&quot;&quot;,&quot;focal_length&quot;:&quot;0&quot;,&quot;iso&quot;:&quot;0&quot;,&quot;shutter_speed&quot;:&quot;0&quot;,&quot;title&quot;:&quot;&quot;,&quot;orientation&quot;:&quot;0&quot;}\" data-image-title=\"flavio-lewgoy-4-fotocleberdionitentardini-scaled-e1774205623588\" data-image-description=\"\" data-image-caption=\"&lt;p&gt;Qu\u00edmico, geneticista, perito criminal\u00edstico e ambientalista, Fl\u00e1vio Lewgoy protagonizou importantes lutas pela sa\u00fade humana e pela qualidade ambiental no RS. Foto Cleber Dioni Tentardini&lt;\/p&gt;\n\" data-large-file=\"https:\/\/www.jornalja.com.br\/ambiente\/wp-content\/uploads\/sites\/3\/2026\/03\/flavio-lewgoy-4-fotocleberdionitentardini-scaled-e1774205623588-1-1024x732.jpg\" \/><\/a><\/figure>\n\n<h3 class=\"has-text-align-center wp-block-post-title\"><a href=\"https:\/\/www.jornalja.com.br\/ambiente\/centenario-de-flavio-lewgoy-um-gigante-na-defesa-do-meio-ambiente\/\" target=\"_self\" >Centen\u00e1rio de Fl\u00e1vio Lewgoy: um gigante na defesa do meio ambiente<\/a><\/h3>\n<\/li><li class=\"wp-block-post post-85960 post type-post status-publish format-standard has-post-thumbnail hentry category-ambiente-geral\">\n<div class=\"has-text-align-center wp-block-post-date\"><time datetime=\"2026-03-20T01:46:09-03:00\">20 de mar\u00e7o de 2026<\/time><\/div>\n\n<figure style=\"margin-top:0.5rem;margin-bottom:0.5rem;\" class=\"wp-block-post-featured-image\"><a href=\"https:\/\/www.jornalja.com.br\/ambiente\/saneamento-residuos-e-o-legado-de-lutzenberger-em-pauta-no-forum-internacional-do-meio-ambiente\/\" target=\"_self\"  ><img decoding=\"async\" width=\"300\" height=\"202\" src=\"https:\/\/www.jornalja.com.br\/ambiente\/wp-content\/uploads\/sites\/3\/2026\/03\/fima-mpsustentare-300x202.jpeg\" class=\"attachment-medium size-medium wp-post-image\" alt=\"Saneamento, res\u00edduos e o legado de Lutzenberger em pauta no F\u00f3rum Internacional do Meio Ambiente\" style=\"object-fit:contain;\" srcset=\"https:\/\/www.jornalja.com.br\/ambiente\/wp-content\/uploads\/sites\/3\/2026\/03\/fima-mpsustentare-300x202.jpeg 300w, https:\/\/www.jornalja.com.br\/ambiente\/wp-content\/uploads\/sites\/3\/2026\/03\/fima-mpsustentare.jpeg 550w\" sizes=\"(max-width: 300px) 100vw, 300px\" data-attachment-id=\"85961\" data-permalink=\"https:\/\/www.jornalja.com.br\/ambiente\/saneamento-residuos-e-o-legado-de-lutzenberger-em-pauta-no-forum-internacional-do-meio-ambiente\/fima_mpsustentare\/\" data-orig-file=\"https:\/\/www.jornalja.com.br\/ambiente\/wp-content\/uploads\/sites\/3\/2026\/03\/fima-mpsustentare.jpeg\" data-orig-size=\"550,370\" data-comments-opened=\"0\" data-image-meta=\"{&quot;aperture&quot;:&quot;0&quot;,&quot;credit&quot;:&quot;&quot;,&quot;camera&quot;:&quot;&quot;,&quot;caption&quot;:&quot;&quot;,&quot;created_timestamp&quot;:&quot;0&quot;,&quot;copyright&quot;:&quot;&quot;,&quot;focal_length&quot;:&quot;0&quot;,&quot;iso&quot;:&quot;0&quot;,&quot;shutter_speed&quot;:&quot;0&quot;,&quot;title&quot;:&quot;&quot;,&quot;orientation&quot;:&quot;0&quot;}\" data-image-title=\"fima_mpsustentare\" data-image-description=\"\" data-image-caption=\"\" data-large-file=\"https:\/\/www.jornalja.com.br\/ambiente\/wp-content\/uploads\/sites\/3\/2026\/03\/fima-mpsustentare.jpeg\" \/><\/a><\/figure>\n\n<h3 class=\"has-text-align-center wp-block-post-title\"><a href=\"https:\/\/www.jornalja.com.br\/ambiente\/saneamento-residuos-e-o-legado-de-lutzenberger-em-pauta-no-forum-internacional-do-meio-ambiente\/\" target=\"_self\" >Saneamento, res\u00edduos e o legado de Lutzenberger em pauta no F\u00f3rum Internacional do Meio Ambiente<\/a><\/h3>\n<\/li><li class=\"wp-block-post post-85953 post type-post status-publish format-standard has-post-thumbnail hentry category-ambiente-geral\">\n<div class=\"has-text-align-center wp-block-post-date\"><time datetime=\"2026-03-18T15:10:51-03:00\">18 de mar\u00e7o de 2026<\/time><\/div>\n\n<figure style=\"margin-top:0.5rem;margin-bottom:0.5rem;\" class=\"wp-block-post-featured-image\"><a href=\"https:\/\/www.jornalja.com.br\/ambiente\/conab-e-universidade-de-pelotas-fazem-parceria-com-para-instalacao-de-energia-solar-em-armazens\/\" target=\"_self\"  ><img decoding=\"async\" width=\"300\" height=\"213\" src=\"https:\/\/www.jornalja.com.br\/ambiente\/wp-content\/uploads\/sites\/3\/2026\/03\/1-conab-11525479-300x213.jpeg\" class=\"attachment-medium size-medium wp-post-image\" alt=\"Conab e Universidade de Pelotas firmam parceria para instala\u00e7\u00e3o de energia solar em armaz\u00e9ns\" style=\"object-fit:contain;\" srcset=\"https:\/\/www.jornalja.com.br\/ambiente\/wp-content\/uploads\/sites\/3\/2026\/03\/1-conab-11525479-300x213.jpeg 300w, https:\/\/www.jornalja.com.br\/ambiente\/wp-content\/uploads\/sites\/3\/2026\/03\/1-conab-11525479.jpeg 760w\" sizes=\"(max-width: 300px) 100vw, 300px\" data-attachment-id=\"85954\" data-permalink=\"https:\/\/www.jornalja.com.br\/ambiente\/conab-e-universidade-de-pelotas-fazem-parceria-com-para-instalacao-de-energia-solar-em-armazens\/1_conab-11525479\/\" data-orig-file=\"https:\/\/www.jornalja.com.br\/ambiente\/wp-content\/uploads\/sites\/3\/2026\/03\/1-conab-11525479.jpeg\" data-orig-size=\"760,540\" data-comments-opened=\"0\" data-image-meta=\"{&quot;aperture&quot;:&quot;0&quot;,&quot;credit&quot;:&quot;&quot;,&quot;camera&quot;:&quot;&quot;,&quot;caption&quot;:&quot;&quot;,&quot;created_timestamp&quot;:&quot;0&quot;,&quot;copyright&quot;:&quot;&quot;,&quot;focal_length&quot;:&quot;0&quot;,&quot;iso&quot;:&quot;0&quot;,&quot;shutter_speed&quot;:&quot;0&quot;,&quot;title&quot;:&quot;&quot;,&quot;orientation&quot;:&quot;0&quot;}\" data-image-title=\"1_conab-11525479\" data-image-description=\"\" data-image-caption=\"&lt;p&gt;Durante a COP 30, em Bel\u00e9m, foi assinado a parceira entre Universidade e Conab.  Foto Catiana de Medeiros\/Conab\/Divulga\u00e7\u00e3o&lt;\/p&gt;\n\" data-large-file=\"https:\/\/www.jornalja.com.br\/ambiente\/wp-content\/uploads\/sites\/3\/2026\/03\/1-conab-11525479.jpeg\" \/><\/a><\/figure>\n\n<h3 class=\"has-text-align-center wp-block-post-title\"><a href=\"https:\/\/www.jornalja.com.br\/ambiente\/conab-e-universidade-de-pelotas-fazem-parceria-com-para-instalacao-de-energia-solar-em-armazens\/\" target=\"_self\" >Conab e Universidade de Pelotas firmam parceria para instala\u00e7\u00e3o de energia solar em armaz\u00e9ns<\/a><\/h3>\n<\/li><\/ul><\/div>\n<\/div>\n<\/div>\n\n\n\n<div class=\"wp-block-query is-layout-flow wp-block-query-is-layout-flow\"><ul class=\"columns-4 wp-block-post-template is-layout-grid wp-container-core-post-template-is-layout-95449b32 wp-block-post-template-is-layout-grid\"><li class=\"wp-block-post post-85924 post type-post status-publish format-standard has-post-thumbnail hentry category-ambiente-geral category-manchete-do-site\">\n<div class=\"has-text-align-center wp-block-post-date\"><time datetime=\"2026-03-11T13:32:03-03:00\">11 de mar\u00e7o de 2026<\/time><\/div>\n\n<h4 class=\"has-text-align-center wp-block-post-title\"><a href=\"https:\/\/www.jornalja.com.br\/ambiente\/estado-vai-voltar-a-acolher-animais-silvestres-no-zoo\/\" target=\"_self\" >Estado vai voltar a acolher                   animais silvestres no Zoo<\/a><\/h4>\n<\/li><li class=\"wp-block-post post-85892 post type-post status-publish format-standard has-post-thumbnail hentry category-ambiente-geral\">\n<div class=\"has-text-align-center wp-block-post-date\"><time datetime=\"2026-03-02T18:36:30-03:00\">2 de mar\u00e7o de 2026<\/time><\/div>\n\n<h4 class=\"has-text-align-center wp-block-post-title\"><a href=\"https:\/\/www.jornalja.com.br\/ambiente\/mpf-recomenda-suspender-licenciamento-de-industria-de-celulose-da-cpmc-em-barra-do-ribeiro\/\" target=\"_self\" >MPF recomenda suspender licenciamento de ind\u00fastria de celulose da CPMC em Barra do Ribeiro<\/a><\/h4>\n<\/li><li class=\"wp-block-post post-85864 post type-post status-publish format-standard has-post-thumbnail hentry category-ambiente-geral category-manchete-do-site\">\n<div class=\"has-text-align-center wp-block-post-date\"><time datetime=\"2026-02-24T23:27:00-03:00\">24 de fevereiro de 2026<\/time><\/div>\n\n<h4 class=\"has-text-align-center wp-block-post-title\"><a href=\"https:\/\/www.jornalja.com.br\/ambiente\/carga-toxica-no-guaiba-vai-dobrar-com-nova-fabrica-de-celulose-alerta-ambientalista\/\" target=\"_self\" >Carga t\u00f3xica no Gua\u00edba vai dobrar com nova f\u00e1brica de celulose, alerta ambientalista<\/a><\/h4>\n<\/li><li class=\"wp-block-post post-85837 post type-post status-publish format-standard has-post-thumbnail hentry category-ambiente-geral\">\n<div class=\"has-text-align-center wp-block-post-date\"><time datetime=\"2026-02-18T18:59:31-03:00\">18 de fevereiro de 2026<\/time><\/div>\n\n<h4 class=\"has-text-align-center wp-block-post-title\"><a href=\"https:\/\/www.jornalja.com.br\/ambiente\/especialistas-alertam-para-graves-impactos-ambientais-com-nova-fabrica-de-celulose-em-barra-do-ribeiro\/\" target=\"_self\" >Especialistas apontam para \u2018graves impactos ambientais\u2019 com nova f\u00e1brica de celulose em Barra do Ribeiro<\/a><\/h4>\n<\/li><li class=\"wp-block-post post-85809 post type-post status-publish format-standard has-post-thumbnail hentry category-ambiente-geral\">\n<div class=\"has-text-align-center wp-block-post-date\"><time datetime=\"2026-01-27T18:45:31-03:00\">27 de janeiro de 2026<\/time><\/div>\n\n<h4 class=\"has-text-align-center wp-block-post-title\"><a href=\"https:\/\/www.jornalja.com.br\/ambiente\/porto-em-arroio-do-sal-engenheiro-alerta-para-os-danos-ambientais-e-destruicao-de-praias\/\" target=\"_self\" >Porto em Arroio do Sal: engenheiro alerta para os danos ambientais e destrui\u00e7\u00e3o de praias<\/a><\/h4>\n<\/li><li class=\"wp-block-post post-85814 post type-post status-publish format-standard has-post-thumbnail hentry category-ambiente-geral\">\n<div class=\"has-text-align-center wp-block-post-date\"><time datetime=\"2026-01-26T23:30:45-03:00\">26 de janeiro de 2026<\/time><\/div>\n\n<h4 class=\"has-text-align-center wp-block-post-title\"><a href=\"https:\/\/www.jornalja.com.br\/ambiente\/estudo-projeta-que-o-numero-de-mortes-causada-pelos-plasticos-vai-dobrar-ate-2040\/\" target=\"_self\" >Estudo projeta que o n\u00famero de mortes causada pelos pl\u00e1sticos vai dobrar at\u00e9 2040<\/a><\/h4>\n<\/li><li class=\"wp-block-post post-85803 post type-post status-publish format-standard has-post-thumbnail hentry category-ambiente-geral\">\n<div class=\"has-text-align-center wp-block-post-date\"><time datetime=\"2026-01-18T23:15:20-03:00\">18 de janeiro de 2026<\/time><\/div>\n\n<h4 class=\"has-text-align-center wp-block-post-title\"><a href=\"https:\/\/www.jornalja.com.br\/ambiente\/privatizacao-da-agua-e-manchete-nos-jornais-deste-fim-de-semana-em-londres\/\" target=\"_self\" >Privatiza\u00e7\u00e3o da \u00e1gua foi manchete nos jornais deste fim de semana (em Londres)<\/a><\/h4>\n<\/li><li class=\"wp-block-post post-85794 post type-post status-publish format-standard has-post-thumbnail hentry category-ambiente-geral\">\n<div class=\"has-text-align-center wp-block-post-date\"><time datetime=\"2026-01-12T10:22:05-03:00\">12 de janeiro de 2026<\/time><\/div>\n\n<h4 class=\"has-text-align-center wp-block-post-title\"><a href=\"https:\/\/www.jornalja.com.br\/ambiente\/inpe-confirma-reducao-do-desmatamento-em-todos-os-biomas-brasileiros\/\" target=\"_self\" >INPE confirma redu\u00e7\u00e3o do desmatamento em todos os biomas brasileiros<\/a><\/h4>\n<\/li><li class=\"wp-block-post post-85782 post type-post status-publish format-standard has-post-thumbnail hentry category-ambiente-geral\">\n<div class=\"has-text-align-center wp-block-post-date\"><time datetime=\"2026-01-08T11:52:28-03:00\">8 de janeiro de 2026<\/time><\/div>\n\n<h4 class=\"has-text-align-center wp-block-post-title\"><a href=\"https:\/\/www.jornalja.com.br\/ambiente\/apos-discurso-veemente-em-defesa-da-democracia-lula-veta-o-pl-da-dosimetria\/\" target=\"_self\" >Ap\u00f3s discurso veemente em defesa da democracia, Lula veta o PL que reduz penas de golpistas<\/a><\/h4>\n<\/li><li class=\"wp-block-post post-85777 post type-post status-publish format-standard has-post-thumbnail hentry category-ambiente-geral\">\n<div class=\"has-text-align-center wp-block-post-date\"><time datetime=\"2026-01-07T16:35:16-03:00\">7 de janeiro de 2026<\/time><\/div>\n\n<h4 class=\"has-text-align-center wp-block-post-title\"><a href=\"https:\/\/www.jornalja.com.br\/ambiente\/banco-do-brics-financia-construcao-do-primeiro-hospital-inteligente-do-sus-serao-14-em-rede\/\" target=\"_self\" >Banco do Brics financia constru\u00e7\u00e3o do primeiro &#8220;hospital inteligente&#8221; do SUS; ser\u00e3o 14 em rede<\/a><\/h4>\n<\/li><li class=\"wp-block-post post-85763 post type-post status-publish format-standard has-post-thumbnail hentry category-ambiente-geral category-geral\">\n<div class=\"has-text-align-center wp-block-post-date\"><time datetime=\"2025-12-18T23:41:39-03:00\">18 de dezembro de 2025<\/time><\/div>\n\n<h4 class=\"has-text-align-center wp-block-post-title\"><a href=\"https:\/\/www.jornalja.com.br\/ambiente\/supremo-decide-manter-a-reducao-de-impostos-para-agrotoxicos\/\" target=\"_self\" >Supremo decide manter a redu\u00e7\u00e3o de impostos para agrot\u00f3xicos<\/a><\/h4>\n<\/li><li class=\"wp-block-post post-85757 post type-post status-publish format-standard has-post-thumbnail hentry category-ambiente-geral\">\n<div class=\"has-text-align-center wp-block-post-date\"><time datetime=\"2025-12-15T19:47:04-03:00\">15 de dezembro de 2025<\/time><\/div>\n\n<h4 class=\"has-text-align-center wp-block-post-title\"><a href=\"https:\/\/www.jornalja.com.br\/ambiente\/moises-barboza-vai-presidir-a-camara-de-porto-alegre-em-2026\/\" target=\"_self\" >Mois\u00e9s Barboza vai presidir a C\u00e2mara de Porto Alegre em 2026<\/a><\/h4>\n<\/li><li class=\"wp-block-post post-85751 post type-post status-publish format-standard has-post-thumbnail hentry category-ambiente-geral\">\n<div class=\"has-text-align-center wp-block-post-date\"><time datetime=\"2025-12-15T01:22:01-03:00\">15 de dezembro de 2025<\/time><\/div>\n\n<h4 class=\"has-text-align-center wp-block-post-title\"><a href=\"https:\/\/www.jornalja.com.br\/ambiente\/quatro-dias-depois-do-ciclone-66-mil-residencias-ainda-estao-sem-luz-em-sao-paulo\/\" target=\"_self\" >Ministro diz que Lula pediu &#8220;rigor absoluto&#8221; na fiscaliza\u00e7\u00e3o das concession\u00e1rias de energia<\/a><\/h4>\n<\/li><li class=\"wp-block-post post-85744 post type-post status-publish format-standard has-post-thumbnail hentry category-ambiente-geral\">\n<div class=\"has-text-align-center wp-block-post-date\"><time datetime=\"2025-11-27T08:45:23-03:00\">27 de novembro de 2025<\/time><\/div>\n\n<h4 class=\"has-text-align-center wp-block-post-title\"><a href=\"https:\/\/www.jornalja.com.br\/ambiente\/pl-da-devastacao-em-retaliacao-ao-governo-oposicao-pode-derrubar-vetos-de-lula\/\" target=\"_self\" >Em retalia\u00e7\u00e3o ao governo, oposi\u00e7\u00e3o derruba vetos de Lula e restabelece o &#8220;PL da Devasta\u00e7\u00e3o&#8221;.<\/a><\/h4>\n<\/li><li class=\"wp-block-post post-85741 post type-post status-publish format-standard has-post-thumbnail hentry category-ambiente-geral\">\n<div class=\"has-text-align-center wp-block-post-date\"><time datetime=\"2025-11-24T22:23:35-03:00\">24 de novembro de 2025<\/time><\/div>\n\n<h4 class=\"has-text-align-center wp-block-post-title\"><a href=\"https:\/\/www.jornalja.com.br\/ambiente\/pedimos-ao-chatgpt-uma-avaliacao-da-cop30-veja-o-resumo-que-ele-fez\/\" target=\"_self\" >Pedimos ao ChatGPT uma avalia\u00e7\u00e3o da COP30; veja o resumo que ele fez<\/a><\/h4>\n<\/li><li class=\"wp-block-post post-85732 post type-post status-publish format-standard has-post-thumbnail hentry category-ambiente-geral\">\n<div class=\"has-text-align-center wp-block-post-date\"><time datetime=\"2025-11-10T07:10:50-03:00\">10 de novembro de 2025<\/time><\/div>\n\n<h4 class=\"has-text-align-center wp-block-post-title\"><a href=\"https:\/\/www.jornalja.com.br\/ambiente\/cop30-comeca-com-muita-expectativa-mas-ainda-longe-da-meta-para-conter-aquecimento-global\/\" target=\"_self\" >COP30 come\u00e7a com muita expectativa mas ainda longe da meta para conter aquecimento global<\/a><\/h4>\n<\/li><\/ul><\/div>\n","protected":false},"excerpt":{"rendered":"","protected":false},"author":1,"featured_media":0,"parent":0,"menu_order":0,"comment_status":"closed","ping_status":"closed","template":"","meta":{"jetpack_post_was_ever_published":false,"footnotes":""},"class_list":["post-81699","page","type-page","status-publish","hentry"],"aioseo_notices":[],"jetpack-related-posts":[],"jetpack_shortlink":"https:\/\/wp.me\/PbKnZo-lfJ","jetpack_sharing_enabled":false,"_links":{"self":[{"href":"https:\/\/www.jornalja.com.br\/ambiente\/wp-json\/wp\/v2\/pages\/81699","targetHints":{"allow":["GET"]}}],"collection":[{"href":"https:\/\/www.jornalja.com.br\/ambiente\/wp-json\/wp\/v2\/pages"}],"about":[{"href":"https:\/\/www.jornalja.com.br\/ambiente\/wp-json\/wp\/v2\/types\/page"}],"author":[{"embeddable":true,"href":"https:\/\/www.jornalja.com.br\/ambiente\/wp-json\/wp\/v2\/users\/1"}],"replies":[{"embeddable":true,"href":"https:\/\/www.jornalja.com.br\/ambiente\/wp-json\/wp\/v2\/comments?post=81699"}],"version-history":[{"count":9,"href":"https:\/\/www.jornalja.com.br\/ambiente\/wp-json\/wp\/v2\/pages\/81699\/revisions"}],"predecessor-version":[{"id":85836,"href":"https:\/\/www.jornalja.com.br\/ambiente\/wp-json\/wp\/v2\/pages\/81699\/revisions\/85836"}],"wp:attachment":[{"href":"https:\/\/www.jornalja.com.br\/ambiente\/wp-json\/wp\/v2\/media?parent=81699"}],"curies":[{"name":"wp","href":"https:\/\/api.w.org\/{rel}","templated":true}]}}