{"id":81652,"date":"2020-03-04T19:08:43","date_gmt":"2020-03-04T22:08:43","guid":{"rendered":"https:\/\/www.jornalja.com.br\/cultura\/?page_id=81652"},"modified":"2026-02-19T01:41:20","modified_gmt":"2026-02-19T04:41:20","slug":"home","status":"publish","type":"page","link":"https:\/\/www.jornalja.com.br\/cultura\/","title":{"rendered":""},"content":{"rendered":"\n<div class=\"wp-block-columns is-layout-flex wp-container-core-columns-is-layout-28f84493 wp-block-columns-is-layout-flex\">\n<div class=\"wp-block-column is-layout-flow wp-block-column-is-layout-flow\" style=\"flex-basis:66.66%\">\n<div class=\"wp-block-query is-layout-flow wp-block-query-is-layout-flow\"><ul class=\"wp-block-post-template is-layout-flow wp-container-core-post-template-is-layout-4ce8daac wp-block-post-template-is-layout-flow\"><li class=\"wp-block-post post-92224 post type-post status-publish format-standard has-post-thumbnail hentry category-materiasecundaria\">\n<div class=\"has-text-align-center wp-block-post-date\"><time datetime=\"2026-04-18T19:07:40-03:00\">18 de abril de 2026<\/time><\/div>\n\n<figure style=\"height:350px; margin-top:0.5rem;margin-bottom:0.5rem;\" class=\"wp-block-post-featured-image\"><a href=\"https:\/\/www.jornalja.com.br\/cultura\/exposicao-sete-cabecas-reune-trabalhos-de-fotografos-no-pier-do-gasometro\/\" target=\"_self\"  style=\"height:350px\"><img decoding=\"async\" width=\"300\" height=\"200\" src=\"https:\/\/www.jornalja.com.br\/cultura\/wp-content\/uploads\/sites\/2\/2026\/04\/expo-sete-cabecas-iara-tonidndel-2-300x200.jpg\" class=\"attachment-medium size-medium wp-post-image\" alt=\"Exposi\u00e7\u00e3o \u201cSete Cabe\u00e7as\u201d re\u00fane trabalhos de fot\u00f3grafos,\u00a0no P\u00eder do Gas\u00f4metro\" style=\"height:350px;object-fit:contain;\" srcset=\"https:\/\/www.jornalja.com.br\/cultura\/wp-content\/uploads\/sites\/2\/2026\/04\/expo-sete-cabecas-iara-tonidndel-2-300x200.jpg 300w, https:\/\/www.jornalja.com.br\/cultura\/wp-content\/uploads\/sites\/2\/2026\/04\/expo-sete-cabecas-iara-tonidndel-2-1024x682.jpg 1024w, https:\/\/www.jornalja.com.br\/cultura\/wp-content\/uploads\/sites\/2\/2026\/04\/expo-sete-cabecas-iara-tonidndel-2-768x512.jpg 768w, https:\/\/www.jornalja.com.br\/cultura\/wp-content\/uploads\/sites\/2\/2026\/04\/expo-sete-cabecas-iara-tonidndel-2.jpg 1300w\" sizes=\"(max-width: 300px) 100vw, 300px\" data-attachment-id=\"92223\" data-permalink=\"https:\/\/www.jornalja.com.br\/cultura\/expo-sete-cabecas-iara-tonidndel-2\/\" data-orig-file=\"https:\/\/www.jornalja.com.br\/cultura\/wp-content\/uploads\/sites\/2\/2026\/04\/expo-sete-cabecas-iara-tonidndel-2.jpg\" data-orig-size=\"1300,866\" data-comments-opened=\"0\" data-image-meta=\"{&quot;aperture&quot;:&quot;9&quot;,&quot;credit&quot;:&quot;IARA TONIDANDEL&quot;,&quot;camera&quot;:&quot;Canon EOS 5D Mark III&quot;,&quot;caption&quot;:&quot;&quot;,&quot;created_timestamp&quot;:&quot;1502449554&quot;,&quot;copyright&quot;:&quot;&quot;,&quot;focal_length&quot;:&quot;67&quot;,&quot;iso&quot;:&quot;320&quot;,&quot;shutter_speed&quot;:&quot;0.00625&quot;,&quot;title&quot;:&quot;&quot;,&quot;orientation&quot;:&quot;1&quot;}\" data-image-title=\"Expo Sete Cabecas &amp;#8211; Iara Tonidndel 2\" data-image-description=\"\" data-image-caption=\"&lt;p&gt;Foto de Iara Tonidandel, da s\u00e9rie Peso do Olhar Infantil. Expo Sete Cabe\u00e7as\/Divulga\u00e7\u00e3o&lt;\/p&gt;\n\" data-large-file=\"https:\/\/www.jornalja.com.br\/cultura\/wp-content\/uploads\/sites\/2\/2026\/04\/expo-sete-cabecas-iara-tonidndel-2-1024x682.jpg\" \/><\/a><\/figure>\n\n<h2 class=\"has-text-align-center wp-block-post-title\"><a href=\"https:\/\/www.jornalja.com.br\/cultura\/exposicao-sete-cabecas-reune-trabalhos-de-fotografos-no-pier-do-gasometro\/\" target=\"_self\" >Exposi\u00e7\u00e3o \u201cSete Cabe\u00e7as\u201d re\u00fane trabalhos de fot\u00f3grafos,\u00a0no P\u00eder do Gas\u00f4metro<\/a><\/h2>\n<\/li><li class=\"wp-block-post post-92178 post type-post status-publish format-standard has-post-thumbnail hentry category-materiasecundaria\">\n<div class=\"has-text-align-center wp-block-post-date\"><time datetime=\"2026-04-16T07:31:38-03:00\">16 de abril de 2026<\/time><\/div>\n\n<figure style=\"height:350px; margin-top:0.5rem;margin-bottom:0.5rem;\" class=\"wp-block-post-featured-image\"><a href=\"https:\/\/www.jornalja.com.br\/cultura\/galeria-em-espaco-aberto-traz-novo-conceito-de-arte-ao-publico\/\" target=\"_self\"  style=\"height:350px\"><img decoding=\"async\" width=\"300\" height=\"225\" src=\"https:\/\/www.jornalja.com.br\/cultura\/wp-content\/uploads\/sites\/2\/2026\/04\/expo-boushra-almutawakel-300x225.jpg\" class=\"attachment-medium size-medium wp-post-image\" alt=\"Galeria em espa\u00e7o aberto traz novo conceito de arte ao p\u00fablico\" style=\"height:350px;object-fit:contain;\" srcset=\"https:\/\/www.jornalja.com.br\/cultura\/wp-content\/uploads\/sites\/2\/2026\/04\/expo-boushra-almutawakel-300x225.jpg 300w, https:\/\/www.jornalja.com.br\/cultura\/wp-content\/uploads\/sites\/2\/2026\/04\/expo-boushra-almutawakel-1024x768.jpg 1024w, https:\/\/www.jornalja.com.br\/cultura\/wp-content\/uploads\/sites\/2\/2026\/04\/expo-boushra-almutawakel-768x576.jpg 768w, https:\/\/www.jornalja.com.br\/cultura\/wp-content\/uploads\/sites\/2\/2026\/04\/expo-boushra-almutawakel-1536x1152.jpg 1536w, https:\/\/www.jornalja.com.br\/cultura\/wp-content\/uploads\/sites\/2\/2026\/04\/expo-boushra-almutawakel.jpg 1575w\" sizes=\"(max-width: 300px) 100vw, 300px\" data-attachment-id=\"92180\" data-permalink=\"https:\/\/www.jornalja.com.br\/cultura\/galeria-em-espaco-aberto-traz-novo-conceito-de-arte-ao-publico\/expo-boushra-almutawakel\/\" data-orig-file=\"https:\/\/www.jornalja.com.br\/cultura\/wp-content\/uploads\/sites\/2\/2026\/04\/expo-boushra-almutawakel.jpg\" data-orig-size=\"1575,1181\" data-comments-opened=\"0\" data-image-meta=\"{&quot;aperture&quot;:&quot;11&quot;,&quot;credit&quot;:&quot;&quot;,&quot;camera&quot;:&quot;Canon EOS 5D&quot;,&quot;caption&quot;:&quot;&quot;,&quot;created_timestamp&quot;:&quot;1274362275&quot;,&quot;copyright&quot;:&quot;&quot;,&quot;focal_length&quot;:&quot;51&quot;,&quot;iso&quot;:&quot;100&quot;,&quot;shutter_speed&quot;:&quot;0.00625&quot;,&quot;title&quot;:&quot;&quot;,&quot;orientation&quot;:&quot;1&quot;}\" data-image-title=\"expo Boushra Almutawakel\" data-image-description=\"\" data-image-caption=\"&lt;p&gt;Foto da fot\u00f3grafa \u00e1rabe Boushra Y. Almutawakel. Galeria Escadaria\/ Divulga\u00e7\u00e3o&lt;\/p&gt;\n\" data-large-file=\"https:\/\/www.jornalja.com.br\/cultura\/wp-content\/uploads\/sites\/2\/2026\/04\/expo-boushra-almutawakel-1024x768.jpg\" \/><\/a><\/figure>\n\n<h2 class=\"has-text-align-center wp-block-post-title\"><a href=\"https:\/\/www.jornalja.com.br\/cultura\/galeria-em-espaco-aberto-traz-novo-conceito-de-arte-ao-publico\/\" target=\"_self\" >Galeria em espa\u00e7o aberto traz novo conceito de arte ao p\u00fablico<\/a><\/h2>\n<\/li><\/ul><\/div>\n<\/div>\n\n\n\n<div class=\"wp-block-column is-layout-flow wp-block-column-is-layout-flow\" style=\"flex-basis:33.33%\">\n<div class=\"wp-block-query is-layout-flow wp-block-query-is-layout-flow\"><ul class=\"columns-1 wp-block-post-template is-layout-grid wp-container-core-post-template-is-layout-8b2b830d wp-block-post-template-is-layout-grid\"><li class=\"wp-block-post post-92163 post type-post status-publish format-standard has-post-thumbnail hentry category-materiasecundaria\">\n<div class=\"has-text-align-center wp-block-post-date\"><time datetime=\"2026-04-03T10:44:38-03:00\">3 de abril de 2026<\/time><\/div>\n\n<figure style=\"margin-top:0.5rem;margin-bottom:0.5rem;\" class=\"wp-block-post-featured-image\"><a href=\"https:\/\/www.jornalja.com.br\/cultura\/galeria-gravura-abre-as-mostras-muitos-mundos-e-do-descarte-a-superficie\/\" target=\"_self\"  ><img decoding=\"async\" width=\"300\" height=\"98\" src=\"https:\/\/www.jornalja.com.br\/cultura\/wp-content\/uploads\/sites\/2\/2026\/04\/capa-facebookgravura-2-1030x381-2-300x98.png\" class=\"attachment-medium size-medium wp-post-image\" alt=\"Galeria Gravura abre as mostras &#8220;Muitos Mundos&#8221; e &#8220;Do Descarte \u00e0 Superf\u00edcie&#8221;\" style=\"object-fit:contain;\" srcset=\"https:\/\/www.jornalja.com.br\/cultura\/wp-content\/uploads\/sites\/2\/2026\/04\/capa-facebookgravura-2-1030x381-2-300x98.png 300w, https:\/\/www.jornalja.com.br\/cultura\/wp-content\/uploads\/sites\/2\/2026\/04\/capa-facebookgravura-2-1030x381-2-768x250.png 768w, https:\/\/www.jornalja.com.br\/cultura\/wp-content\/uploads\/sites\/2\/2026\/04\/capa-facebookgravura-2-1030x381-2.png 942w\" sizes=\"(max-width: 300px) 100vw, 300px\" data-attachment-id=\"92166\" data-permalink=\"https:\/\/www.jornalja.com.br\/cultura\/galeria-gravura-abre-as-mostras-muitos-mundos-e-do-descarte-a-superficie\/capa-facebookgravura-2-1030x381-2\/\" data-orig-file=\"https:\/\/www.jornalja.com.br\/cultura\/wp-content\/uploads\/sites\/2\/2026\/04\/capa-facebookgravura-2-1030x381-2.png\" data-orig-size=\"942,307\" data-comments-opened=\"0\" data-image-meta=\"{&quot;aperture&quot;:&quot;0&quot;,&quot;credit&quot;:&quot;&quot;,&quot;camera&quot;:&quot;&quot;,&quot;caption&quot;:&quot;&quot;,&quot;created_timestamp&quot;:&quot;0&quot;,&quot;copyright&quot;:&quot;&quot;,&quot;focal_length&quot;:&quot;0&quot;,&quot;iso&quot;:&quot;0&quot;,&quot;shutter_speed&quot;:&quot;0&quot;,&quot;title&quot;:&quot;&quot;,&quot;orientation&quot;:&quot;0&quot;}\" data-image-title=\"Capa-FacebookGravura-2-1030&amp;#215;381\" data-image-description=\"\" data-image-caption=\"\" data-large-file=\"https:\/\/www.jornalja.com.br\/cultura\/wp-content\/uploads\/sites\/2\/2026\/04\/capa-facebookgravura-2-1030x381-2.png\" \/><\/a><\/figure>\n\n<h3 class=\"has-text-align-center wp-block-post-title\"><a href=\"https:\/\/www.jornalja.com.br\/cultura\/galeria-gravura-abre-as-mostras-muitos-mundos-e-do-descarte-a-superficie\/\" target=\"_self\" >Galeria Gravura abre as mostras &#8220;Muitos Mundos&#8221; e &#8220;Do Descarte \u00e0 Superf\u00edcie&#8221;<\/a><\/h3>\n<\/li><li class=\"wp-block-post post-92129 post type-post status-publish format-standard has-post-thumbnail hentry category-materiasecundaria\">\n<div class=\"has-text-align-center wp-block-post-date\"><time datetime=\"2026-03-29T01:55:01-03:00\">29 de mar\u00e7o de 2026<\/time><\/div>\n\n<figure style=\"margin-top:0.5rem;margin-bottom:0.5rem;\" class=\"wp-block-post-featured-image\"><a href=\"https:\/\/www.jornalja.com.br\/cultura\/artista-visual-gaucha-celebra-os-70-anos-de-grande-sertao-veredas-na-abl\/\" target=\"_self\"  ><img decoding=\"async\" width=\"300\" height=\"247\" src=\"https:\/\/www.jornalja.com.br\/cultura\/wp-content\/uploads\/sites\/2\/2026\/03\/guima-artista-graca-craidy-ao-lado-de-triptico-que-mostra-bando-de-jaguncos-foto-carlos-souza-300x247.jpg\" class=\"attachment-medium size-medium wp-post-image\" alt=\"Artista visual ga\u00facha celebra os 70 anos de \u201cGrande Sert\u00e3o: Veredas\u201d na ABL\" style=\"object-fit:contain;\" srcset=\"https:\/\/www.jornalja.com.br\/cultura\/wp-content\/uploads\/sites\/2\/2026\/03\/guima-artista-graca-craidy-ao-lado-de-triptico-que-mostra-bando-de-jaguncos-foto-carlos-souza-300x247.jpg 300w, https:\/\/www.jornalja.com.br\/cultura\/wp-content\/uploads\/sites\/2\/2026\/03\/guima-artista-graca-craidy-ao-lado-de-triptico-que-mostra-bando-de-jaguncos-foto-carlos-souza-1024x842.jpg 1024w, https:\/\/www.jornalja.com.br\/cultura\/wp-content\/uploads\/sites\/2\/2026\/03\/guima-artista-graca-craidy-ao-lado-de-triptico-que-mostra-bando-de-jaguncos-foto-carlos-souza-768x632.jpg 768w, https:\/\/www.jornalja.com.br\/cultura\/wp-content\/uploads\/sites\/2\/2026\/03\/guima-artista-graca-craidy-ao-lado-de-triptico-que-mostra-bando-de-jaguncos-foto-carlos-souza-1536x1263.jpg 1536w, https:\/\/www.jornalja.com.br\/cultura\/wp-content\/uploads\/sites\/2\/2026\/03\/guima-artista-graca-craidy-ao-lado-de-triptico-que-mostra-bando-de-jaguncos-foto-carlos-souza-2048x1684.jpg 2048w\" sizes=\"(max-width: 300px) 100vw, 300px\" data-attachment-id=\"92130\" data-permalink=\"https:\/\/www.jornalja.com.br\/cultura\/artista-visual-gaucha-celebra-os-70-anos-de-grande-sertao-veredas-na-abl\/guima-artista-graca-craidy-ao-lado-de-triptico-que-mostra-bando-de-jaguncos-foto-carlos-souza\/\" data-orig-file=\"https:\/\/www.jornalja.com.br\/cultura\/wp-content\/uploads\/sites\/2\/2026\/03\/guima-artista-graca-craidy-ao-lado-de-triptico-que-mostra-bando-de-jaguncos-foto-carlos-souza-scaled.jpg\" data-orig-size=\"2560,2105\" data-comments-opened=\"0\" data-image-meta=\"{&quot;aperture&quot;:&quot;0&quot;,&quot;credit&quot;:&quot;&quot;,&quot;camera&quot;:&quot;&quot;,&quot;caption&quot;:&quot;&quot;,&quot;created_timestamp&quot;:&quot;0&quot;,&quot;copyright&quot;:&quot;&quot;,&quot;focal_length&quot;:&quot;0&quot;,&quot;iso&quot;:&quot;0&quot;,&quot;shutter_speed&quot;:&quot;0&quot;,&quot;title&quot;:&quot;&quot;,&quot;orientation&quot;:&quot;1&quot;}\" data-image-title=\"guima Artista Gra\u00e7a Craidy ao lado de tr\u00edptico que mostra bando de jaguncos FOTO Carlos Souza\" data-image-description=\"\" data-image-caption=\"&lt;p&gt;Mostra de Gra\u00e7a Craidy ser\u00e1 aberta na ter\u00e7a-feira (31\/03), no Rio de Janeiro. Foto Carlos Souza\/Divulga\u00e7\u00e3o&lt;\/p&gt;\n\" data-large-file=\"https:\/\/www.jornalja.com.br\/cultura\/wp-content\/uploads\/sites\/2\/2026\/03\/guima-artista-graca-craidy-ao-lado-de-triptico-que-mostra-bando-de-jaguncos-foto-carlos-souza-1024x842.jpg\" \/><\/a><\/figure>\n\n<h3 class=\"has-text-align-center wp-block-post-title\"><a href=\"https:\/\/www.jornalja.com.br\/cultura\/artista-visual-gaucha-celebra-os-70-anos-de-grande-sertao-veredas-na-abl\/\" target=\"_self\" >Artista visual ga\u00facha celebra os 70 anos de \u201cGrande Sert\u00e3o: Veredas\u201d na ABL<\/a><\/h3>\n<\/li><li class=\"wp-block-post post-92109 post type-post status-publish format-standard has-post-thumbnail hentry category-materiasecundaria\">\n<div class=\"has-text-align-center wp-block-post-date\"><time datetime=\"2026-03-19T01:38:38-03:00\">19 de mar\u00e7o de 2026<\/time><\/div>\n\n<figure style=\"margin-top:0.5rem;margin-bottom:0.5rem;\" class=\"wp-block-post-featured-image\"><a href=\"https:\/\/www.jornalja.com.br\/cultura\/virada-sustentavel-apresenta-exposicao-de-araquem-alcantara\/\" target=\"_self\"  ><img decoding=\"async\" width=\"300\" height=\"200\" src=\"https:\/\/www.jornalja.com.br\/cultura\/wp-content\/uploads\/sites\/2\/2026\/03\/pantanal-img-20260317-wa0015-300x200.jpg\" class=\"attachment-medium size-medium wp-post-image\" alt=\"Virada sustent\u00e1vel apresenta exposi\u00e7\u00e3o de Araqu\u00e9m Alc\u00e2ntara\" style=\"object-fit:contain;\" srcset=\"https:\/\/www.jornalja.com.br\/cultura\/wp-content\/uploads\/sites\/2\/2026\/03\/pantanal-img-20260317-wa0015-300x200.jpg 300w, https:\/\/www.jornalja.com.br\/cultura\/wp-content\/uploads\/sites\/2\/2026\/03\/pantanal-img-20260317-wa0015-1024x683.jpg 1024w, https:\/\/www.jornalja.com.br\/cultura\/wp-content\/uploads\/sites\/2\/2026\/03\/pantanal-img-20260317-wa0015-768x512.jpg 768w, https:\/\/www.jornalja.com.br\/cultura\/wp-content\/uploads\/sites\/2\/2026\/03\/pantanal-img-20260317-wa0015-1536x1024.jpg 1536w, https:\/\/www.jornalja.com.br\/cultura\/wp-content\/uploads\/sites\/2\/2026\/03\/pantanal-img-20260317-wa0015.jpg 1600w\" sizes=\"(max-width: 300px) 100vw, 300px\" data-attachment-id=\"92113\" data-permalink=\"https:\/\/www.jornalja.com.br\/cultura\/virada-sustentavel-apresenta-exposicao-de-araquem-alcantara\/pantanal-img-20260317-wa0015\/\" data-orig-file=\"https:\/\/www.jornalja.com.br\/cultura\/wp-content\/uploads\/sites\/2\/2026\/03\/pantanal-img-20260317-wa0015.jpg\" data-orig-size=\"1600,1067\" data-comments-opened=\"0\" data-image-meta=\"{&quot;aperture&quot;:&quot;0&quot;,&quot;credit&quot;:&quot;&quot;,&quot;camera&quot;:&quot;&quot;,&quot;caption&quot;:&quot;&quot;,&quot;created_timestamp&quot;:&quot;0&quot;,&quot;copyright&quot;:&quot;&quot;,&quot;focal_length&quot;:&quot;0&quot;,&quot;iso&quot;:&quot;0&quot;,&quot;shutter_speed&quot;:&quot;0&quot;,&quot;title&quot;:&quot;&quot;,&quot;orientation&quot;:&quot;0&quot;}\" data-image-title=\"pantanal IMG-20260317-WA0015\" data-image-description=\"\" data-image-caption=\"\" data-large-file=\"https:\/\/www.jornalja.com.br\/cultura\/wp-content\/uploads\/sites\/2\/2026\/03\/pantanal-img-20260317-wa0015-1024x683.jpg\" \/><\/a><\/figure>\n\n<h3 class=\"has-text-align-center wp-block-post-title\"><a href=\"https:\/\/www.jornalja.com.br\/cultura\/virada-sustentavel-apresenta-exposicao-de-araquem-alcantara\/\" target=\"_self\" >Virada sustent\u00e1vel apresenta exposi\u00e7\u00e3o de Araqu\u00e9m Alc\u00e2ntara<\/a><\/h3>\n<\/li><\/ul><\/div>\n<\/div>\n<\/div>\n\n\n\n<div class=\"wp-block-query is-layout-flow wp-block-query-is-layout-flow\"><ul class=\"columns-4 wp-block-post-template is-layout-grid wp-container-core-post-template-is-layout-95449b32 wp-block-post-template-is-layout-grid\"><li class=\"wp-block-post post-92098 post type-post status-publish format-standard has-post-thumbnail hentry category-materiasecundaria\">\n<div class=\"has-text-align-center wp-block-post-date\"><time datetime=\"2026-03-16T18:43:32-03:00\">16 de mar\u00e7o de 2026<\/time><\/div>\n\n<h4 class=\"has-text-align-center wp-block-post-title\"><a href=\"https:\/\/www.jornalja.com.br\/cultura\/artista-visual-erico-santos-homenageia-os-254-anos-de-porto-alegre\/\" target=\"_self\" >Artista visual Erico Santos homenageia os 254 anos de Porto Alegre<\/a><\/h4>\n<\/li><li class=\"wp-block-post post-92083 post type-post status-publish format-standard has-post-thumbnail hentry category-materiasecundaria\">\n<div class=\"has-text-align-center wp-block-post-date\"><time datetime=\"2026-03-13T13:55:17-03:00\">13 de mar\u00e7o de 2026<\/time><\/div>\n\n<h4 class=\"has-text-align-center wp-block-post-title\"><a href=\"https:\/\/www.jornalja.com.br\/cultura\/brizola-abre-o-coracao-e-solta-o-verbo-em-livro-raro\/\" target=\"_self\" >Brizola abre o cora\u00e7\u00e3o e solta o verbo em livro raro<\/a><\/h4>\n<\/li><li class=\"wp-block-post post-92053 post type-post status-publish format-standard has-post-thumbnail hentry category-materiasecundaria\">\n<div class=\"has-text-align-center wp-block-post-date\"><time datetime=\"2026-03-10T19:48:50-03:00\">10 de mar\u00e7o de 2026<\/time><\/div>\n\n<h4 class=\"has-text-align-center wp-block-post-title\"><a href=\"https:\/\/www.jornalja.com.br\/cultura\/moveis-coloniais-de-acaju-volta-as-atividades-e-aos-palcos-do-opiniao\/\" target=\"_self\" >M\u00f3veis Coloniais de Acaju volta \u00e0s atividades e aos palcos do Opini\u00e3o<\/a><\/h4>\n<\/li><li class=\"wp-block-post post-92041 post type-post status-publish format-standard has-post-thumbnail hentry category-materiasecundaria\">\n<div class=\"has-text-align-center wp-block-post-date\"><time datetime=\"2026-03-10T00:31:14-03:00\">10 de mar\u00e7o de 2026<\/time><\/div>\n\n<h4 class=\"has-text-align-center wp-block-post-title\"><a href=\"https:\/\/www.jornalja.com.br\/cultura\/ospa-e-grandes-nomes-da-musica-gaucha-celebram-400-anos-das-missoes\/\" target=\"_self\" >OSPA e grandes nomes da m\u00fasica ga\u00facha celebram 400 Anos das Miss\u00f5es<\/a><\/h4>\n<\/li><li class=\"wp-block-post post-92026 post type-post status-publish format-standard has-post-thumbnail hentry category-materiasecundaria\">\n<div class=\"has-text-align-center wp-block-post-date\"><time datetime=\"2026-03-03T20:33:13-03:00\">3 de mar\u00e7o de 2026<\/time><\/div>\n\n<h4 class=\"has-text-align-center wp-block-post-title\"><a href=\"https:\/\/www.jornalja.com.br\/cultura\/feminicidio-artista-visual-graca-craidy-ha-11-anos-produz-obras-sobre-violencia-contra-a-mulher\/\" target=\"_self\" >Feminic\u00eddio &#8211; Artista visual Gra\u00e7a Craidy h\u00e1 11 anos produz obras sobre viol\u00eancia contra a mulher<\/a><\/h4>\n<\/li><li class=\"wp-block-post post-92021 post type-post status-publish format-standard has-post-thumbnail hentry category-culturanotas\">\n<div class=\"has-text-align-center wp-block-post-date\"><time datetime=\"2026-02-26T17:12:25-03:00\">26 de fevereiro de 2026<\/time><\/div>\n\n<h4 class=\"has-text-align-center wp-block-post-title\"><a href=\"https:\/\/www.jornalja.com.br\/cultura\/festival-literario-rastros-do-verao-2026-de-28-de-fevereiro-a-28-de-marco-em-porto-alegre-e-canoas\/\" target=\"_self\" >Festival Liter\u00e1rio Rastros do Ver\u00e3o 2026: de 28 de fevereiro a 28 de mar\u00e7o em Porto Alegre e Canoas<\/a><\/h4>\n<\/li><li class=\"wp-block-post post-91969 post type-post status-publish format-standard has-post-thumbnail hentry category-materiasecundaria\">\n<div class=\"has-text-align-center wp-block-post-date\"><time datetime=\"2026-02-16T07:14:28-03:00\">16 de fevereiro de 2026<\/time><\/div>\n\n<h4 class=\"has-text-align-center wp-block-post-title\"><a href=\"https:\/\/www.jornalja.com.br\/cultura\/valter-sobreiro-o-dramaturgo-que-plantou-o-teatro-em-pelotas\/\" target=\"_self\" >Valter Sobreiro, o dramaturgo que plantou o teatro em Pelotas\u00a0\u00a0\u00a0\u00a0\u00a0\u00a0\u00a0\u00a0\u00a0\u00a0\u00a0<\/a><\/h4>\n<\/li><li class=\"wp-block-post post-91963 post type-post status-publish format-standard has-post-thumbnail hentry category-materiasecundaria\">\n<div class=\"has-text-align-center wp-block-post-date\"><time datetime=\"2026-02-12T05:12:20-03:00\">12 de fevereiro de 2026<\/time><\/div>\n\n<h4 class=\"has-text-align-center wp-block-post-title\"><a href=\"https:\/\/www.jornalja.com.br\/cultura\/exposicao-de-livros-abre-calendario-sobre-400-anos-das-missoes\/\" target=\"_self\" >Exposi\u00e7\u00e3o de livros abre calend\u00e1rio sobre 400 anos das Miss\u00f5es<\/a><\/h4>\n<\/li><li class=\"wp-block-post post-91956 post type-post status-publish format-standard has-post-thumbnail hentry category-materiasecundaria\">\n<div class=\"has-text-align-center wp-block-post-date\"><time datetime=\"2026-02-09T12:28:57-03:00\">9 de fevereiro de 2026<\/time><\/div>\n\n<h4 class=\"has-text-align-center wp-block-post-title\"><a href=\"https:\/\/www.jornalja.com.br\/cultura\/cazarre-transplanta-personagem-em-brincadeira-seria-com-os-mestres\/\" target=\"_self\" >Cazarr\u00e9 transplanta personagem em brincadeira (s\u00e9ria) com os mestres<\/a><\/h4>\n<\/li><li class=\"wp-block-post post-91932 post type-post status-publish format-standard has-post-thumbnail hentry category-materiasecundaria\">\n<div class=\"has-text-align-center wp-block-post-date\"><time datetime=\"2026-02-04T17:45:46-03:00\">4 de fevereiro de 2026<\/time><\/div>\n\n<h4 class=\"has-text-align-center wp-block-post-title\"><a href=\"https:\/\/www.jornalja.com.br\/cultura\/os-70-anos-de-grande-sertao-veredas-na-exposicao-da-artista-visual-graca-craidy-em-niteroi\/\" target=\"_self\" >Os 70 anos de \u201cGrande sert\u00e3o: veredas\u201d, na exposi\u00e7\u00e3o da artista visual Gra\u00e7a Craidy, em Niter\u00f3i<\/a><\/h4>\n<\/li><li class=\"wp-block-post post-91903 post type-post status-publish format-standard has-post-thumbnail hentry category-materiasecundaria tag-frank-solari tag-porto-alegre tag-sargent-peppers tag-sgt-peppers tag-tributo tag-van-halen\">\n<div class=\"has-text-align-center wp-block-post-date\"><time datetime=\"2026-02-02T13:38:17-03:00\">2 de fevereiro de 2026<\/time><\/div>\n\n<h4 class=\"has-text-align-center wp-block-post-title\"><a href=\"https:\/\/www.jornalja.com.br\/cultura\/tributo-a-van-halen-por-frank-solari-virtuosismo-e-amor-ao-rock\/\" target=\"_self\" >Tributo a Van Halen por Frank Solari: virtuosismo e amor ao Rock<\/a><\/h4>\n<\/li><li class=\"wp-block-post post-91899 post type-post status-publish format-standard has-post-thumbnail hentry category-materiasecundaria\">\n<div class=\"has-text-align-center wp-block-post-date\"><time datetime=\"2026-02-01T13:24:26-03:00\">1 de fevereiro de 2026<\/time><\/div>\n\n<h4 class=\"has-text-align-center wp-block-post-title\"><a href=\"https:\/\/www.jornalja.com.br\/cultura\/instituto-agora-lanca-em-sarau-iluminado-o-projeto-vamos-ler-cachoerinha\/\" target=\"_self\" >Instituto \u00c1gora lan\u00e7a, em sarau iluminado, o projeto &#8220;Vamos ler Cachoerinha?&#8221;<\/a><\/h4>\n<\/li><li class=\"wp-block-post post-91894 post type-post status-publish format-standard has-post-thumbnail hentry category-materiasecundaria\">\n<div class=\"has-text-align-center wp-block-post-date\"><time datetime=\"2026-01-29T08:11:20-03:00\">29 de janeiro de 2026<\/time><\/div>\n\n<h4 class=\"has-text-align-center wp-block-post-title\"><a href=\"https:\/\/www.jornalja.com.br\/cultura\/radio-governo-comemora-o-crescimento-da-audiencia-nas-emissoras-publicas\/\" target=\"_self\" >R\u00e1dio: governo comemora o crescimento da audi\u00eancia nas emissoras p\u00fablicas<\/a><\/h4>\n<\/li><li class=\"wp-block-post post-91886 post type-post status-publish format-standard has-post-thumbnail hentry category-materiasecundaria\">\n<div class=\"has-text-align-center wp-block-post-date\"><time datetime=\"2026-01-26T15:56:23-03:00\">26 de janeiro de 2026<\/time><\/div>\n\n<h4 class=\"has-text-align-center wp-block-post-title\"><a href=\"https:\/\/www.jornalja.com.br\/cultura\/porto-alegre-ganha-novo-local-de-arte-o-espaco-fisico-no-bom-fim\/\" target=\"_self\" >Porto Alegre ganha novo local de arte, o Espa\u00e7o F\u00edsico, no Bom Fim<\/a><\/h4>\n<\/li><li class=\"wp-block-post post-91859 post type-post status-publish format-standard has-post-thumbnail hentry category-materiasecundaria tag-andy-bell tag-araujo-viana tag-erasure tag-porto-alegre tag-redencao tag-show\">\n<div class=\"has-text-align-center wp-block-post-date\"><time datetime=\"2026-01-22T19:16:12-03:00\">22 de janeiro de 2026<\/time><\/div>\n\n<h4 class=\"has-text-align-center wp-block-post-title\"><a href=\"https:\/\/www.jornalja.com.br\/cultura\/erasure-em-porto-alegre\/\" target=\"_self\" >Erasure em Porto Alegre<\/a><\/h4>\n<\/li><li class=\"wp-block-post post-91852 post type-post status-publish format-standard has-post-thumbnail hentry category-materiasecundaria\">\n<div class=\"has-text-align-center wp-block-post-date\"><time datetime=\"2026-01-22T16:07:51-03:00\">22 de janeiro de 2026<\/time><\/div>\n\n<h4 class=\"has-text-align-center wp-block-post-title\"><a href=\"https:\/\/www.jornalja.com.br\/cultura\/passeios-com-o-memorial-do-mp-rs-a-praca-da-matriz-e-o-positivismo\/\" target=\"_self\" >Passeios com o Memorial do MP-RS: &#8220;A Pra\u00e7a da Matriz e o Positivismo&#8221;<\/a><\/h4>\n<\/li><\/ul><\/div>\n","protected":false},"excerpt":{"rendered":"","protected":false},"author":1,"featured_media":0,"parent":0,"menu_order":0,"comment_status":"closed","ping_status":"closed","template":"","meta":{"jetpack_post_was_ever_published":false,"footnotes":""},"class_list":["post-81652","page","type-page","status-publish","hentry"],"aioseo_notices":[],"jetpack-related-posts":[],"jetpack_shortlink":"https:\/\/wp.me\/PbKnZc-leY","jetpack_sharing_enabled":false,"_links":{"self":[{"href":"https:\/\/www.jornalja.com.br\/cultura\/wp-json\/wp\/v2\/pages\/81652","targetHints":{"allow":["GET"]}}],"collection":[{"href":"https:\/\/www.jornalja.com.br\/cultura\/wp-json\/wp\/v2\/pages"}],"about":[{"href":"https:\/\/www.jornalja.com.br\/cultura\/wp-json\/wp\/v2\/types\/page"}],"author":[{"embeddable":true,"href":"https:\/\/www.jornalja.com.br\/cultura\/wp-json\/wp\/v2\/users\/1"}],"replies":[{"embeddable":true,"href":"https:\/\/www.jornalja.com.br\/cultura\/wp-json\/wp\/v2\/comments?post=81652"}],"version-history":[{"count":10,"href":"https:\/\/www.jornalja.com.br\/cultura\/wp-json\/wp\/v2\/pages\/81652\/revisions"}],"predecessor-version":[{"id":92009,"href":"https:\/\/www.jornalja.com.br\/cultura\/wp-json\/wp\/v2\/pages\/81652\/revisions\/92009"}],"wp:attachment":[{"href":"https:\/\/www.jornalja.com.br\/cultura\/wp-json\/wp\/v2\/media?parent=81652"}],"curies":[{"name":"wp","href":"https:\/\/api.w.org\/{rel}","templated":true}]}}