{"id":70395,"date":"2020-03-08T21:41:19","date_gmt":"2020-03-09T00:41:19","guid":{"rendered":"https:\/\/www.jornalja.com.br\/patrimonio\/?page_id=70395"},"modified":"2026-02-19T14:13:51","modified_gmt":"2026-02-19T17:13:51","slug":"patrimonio","status":"publish","type":"page","link":"https:\/\/www.jornalja.com.br\/especiais\/principal\/patrimonio\/","title":{"rendered":"Patrim\u00f4nio Amea\u00e7ado"},"content":{"rendered":"\n<figure class=\"wp-block-image alignleft is-resized\"><img decoding=\"async\" src=\"https:\/\/www.jornalja.com.br\/wp-content\/uploads\/especiais\/PA-selo.jpg\" alt=\"\" style=\"aspect-ratio:1.2426219322771046;width:340px;height:auto\"\/><\/figure>\n\n\n\n<p>O jornal J\u00c1 re\u00fane neste especial \u201cPatrim\u00f4nio Amea\u00e7ado\u201d uma s\u00e9rie de mat\u00e9rias sobre a Funda\u00e7\u00e3o Zoobot\u00e2nica do Rio Grande do Sul (FZB\/RS), uma das sete funda\u00e7\u00f5es p\u00fablicas inclu\u00eddas no in\u00edcio deste ano de 2017, pelo governo do Estado, num pacote de medidas que autoriza a sua extin\u00e7\u00e3o. A cobertura traz uma vis\u00e3o ampla das tr\u00eas institui\u00e7\u00f5es que est\u00e3o vinculadas \u00e0 FZB, destacando o trabalho realizado no Jardim Bot\u00e2nico, Museu de Ci\u00eancias Naturais e Parque Zool\u00f3gico e os preju\u00edzos para o Estado frente ao desmonte de uma estrutura de conserva\u00e7\u00e3o do meio ambiente, fundamental para a pesquisa cient\u00edfica e a conserva\u00e7\u00e3o da biodiversidade rio-grandense.<\/p>\n\n\n\n<div class=\"wp-block-group has-global-padding is-layout-constrained wp-block-group-is-layout-constrained\" style=\"margin-top:2rem;margin-bottom:2rem\">\n<div class=\"wp-block-query is-layout-flow wp-block-query-is-layout-flow\"><ul class=\"columns-3 wp-block-post-template is-layout-grid wp-container-core-post-template-is-layout-e102377b wp-block-post-template-is-layout-grid\"><li class=\"wp-block-post post-70375 post type-post status-publish format-standard has-post-thumbnail hentry category-patrimonio tag-efeitos\">\n\n<div class=\"wp-block-group has-global-padding is-layout-constrained wp-block-group-is-layout-constrained\"><figure style=\"aspect-ratio:16\/9;\" class=\"wp-block-post-featured-image\"><a href=\"https:\/\/www.jornalja.com.br\/especiais\/justica-suspende-decreto-de-extincao-da-zoobotanica\/\" target=\"_self\"  ><img decoding=\"async\" width=\"300\" height=\"254\" src=\"https:\/\/www.jornalja.com.br\/especiais\/wp-content\/uploads\/sites\/14\/2018\/03\/dsc05303-2-300x254.jpg\" class=\"attachment-medium size-medium wp-post-image\" alt=\"Justi\u00e7a suspende decreto de extin\u00e7\u00e3o da Zoobot\u00e2nica\" style=\"width:100%;height:100%;object-fit:cover;\" srcset=\"https:\/\/www.jornalja.com.br\/especiais\/wp-content\/uploads\/sites\/14\/2018\/03\/dsc05303-2-300x254.jpg 300w, https:\/\/www.jornalja.com.br\/especiais\/wp-content\/uploads\/sites\/14\/2018\/03\/dsc05303-2-scaled.jpg 1024w, https:\/\/www.jornalja.com.br\/especiais\/wp-content\/uploads\/sites\/14\/2018\/03\/dsc05303-2-768x651.jpg 768w\" sizes=\"(max-width: 300px) 100vw, 300px\" \/><\/a><\/figure>\n\n<h3 style=\"padding-top:8px;\" class=\"wp-block-post-title\"><a href=\"https:\/\/www.jornalja.com.br\/especiais\/justica-suspende-decreto-de-extincao-da-zoobotanica\/\" target=\"_self\" >Justi\u00e7a suspende decreto de extin\u00e7\u00e3o da Zoobot\u00e2nica<\/a><\/h3><\/div>\n\n<\/li><li class=\"wp-block-post post-70308 post type-post status-publish format-standard has-post-thumbnail hentry category-patrimonio\">\n\n<div class=\"wp-block-group has-global-padding is-layout-constrained wp-block-group-is-layout-constrained\"><figure style=\"aspect-ratio:16\/9;\" class=\"wp-block-post-featured-image\"><a href=\"https:\/\/www.jornalja.com.br\/especiais\/governo-cria-quadro-especial-para-realocar-servidores-da-zoobotanica\/\" target=\"_self\"  ><img decoding=\"async\" width=\"300\" height=\"178\" src=\"https:\/\/www.jornalja.com.br\/especiais\/wp-content\/uploads\/sites\/14\/2018\/02\/20170902-180746-2-300x178.jpg\" class=\"attachment-medium size-medium wp-post-image\" alt=\"Governo cria quadro especial para realocar servidores da Zoobot\u00e2nica\" style=\"width:100%;height:100%;object-fit:cover;\" srcset=\"https:\/\/www.jornalja.com.br\/especiais\/wp-content\/uploads\/sites\/14\/2018\/02\/20170902-180746-2-300x178.jpg 300w, https:\/\/www.jornalja.com.br\/especiais\/wp-content\/uploads\/sites\/14\/2018\/02\/20170902-180746-2-scaled.jpg 1024w, https:\/\/www.jornalja.com.br\/especiais\/wp-content\/uploads\/sites\/14\/2018\/02\/20170902-180746-2-768x455.jpg 768w\" sizes=\"(max-width: 300px) 100vw, 300px\" \/><\/a><\/figure>\n\n<h3 style=\"padding-top:8px;\" class=\"wp-block-post-title\"><a href=\"https:\/\/www.jornalja.com.br\/especiais\/governo-cria-quadro-especial-para-realocar-servidores-da-zoobotanica\/\" target=\"_self\" >Governo cria quadro especial para realocar servidores da Zoobot\u00e2nica<\/a><\/h3><\/div>\n\n<\/li><li class=\"wp-block-post post-66187 post type-post status-publish format-standard has-post-thumbnail hentry category-patrimonio\">\n\n<div class=\"wp-block-group has-global-padding is-layout-constrained wp-block-group-is-layout-constrained\"><figure style=\"aspect-ratio:16\/9;\" class=\"wp-block-post-featured-image\"><a href=\"https:\/\/www.jornalja.com.br\/especiais\/governo-decreta-o-fim-da-fundacao-zoobotanica-do-rio-grande-do-sul\/\" target=\"_self\"  ><img decoding=\"async\" width=\"300\" height=\"207\" src=\"https:\/\/www.jornalja.com.br\/especiais\/wp-content\/uploads\/sites\/14\/2017\/12\/25433997-1562405950502890-122602009-o-300x207.jpg\" class=\"attachment-medium size-medium wp-post-image\" alt=\"Governo decreta o fim da Funda\u00e7\u00e3o Zoobot\u00e2nica do Rio Grande do Sul\" style=\"width:100%;height:100%;object-fit:cover;\" srcset=\"https:\/\/www.jornalja.com.br\/especiais\/wp-content\/uploads\/sites\/14\/2017\/12\/25433997-1562405950502890-122602009-o-300x207.jpg 300w, https:\/\/www.jornalja.com.br\/especiais\/wp-content\/uploads\/sites\/14\/2017\/12\/25433997-1562405950502890-122602009-o.jpg 768w\" sizes=\"(max-width: 300px) 100vw, 300px\" \/><\/a><\/figure>\n\n<h3 style=\"padding-top:8px;\" class=\"wp-block-post-title\"><a href=\"https:\/\/www.jornalja.com.br\/especiais\/governo-decreta-o-fim-da-fundacao-zoobotanica-do-rio-grande-do-sul\/\" target=\"_self\" >Governo decreta o fim da Funda\u00e7\u00e3o Zoobot\u00e2nica do Rio Grande do Sul<\/a><\/h3><\/div>\n\n<\/li><\/ul>\n\n<\/div>\n<\/div>\n\n\n\n<div class=\"wp-block-group has-global-padding is-layout-constrained wp-block-group-is-layout-constrained\" style=\"margin-top:2rem;margin-bottom:2rem\">\n<div class=\"wp-block-query is-layout-flow wp-block-query-is-layout-flow\"><ul class=\"columns-3 wp-block-post-template is-layout-grid wp-container-core-post-template-is-layout-e102377b wp-block-post-template-is-layout-grid\"><li class=\"wp-block-post post-65808 post type-post status-publish format-standard has-post-thumbnail hentry category-patrimonio\">\n\n<div class=\"wp-block-group has-global-padding is-layout-constrained wp-block-group-is-layout-constrained\"><h4 style=\"padding-top:8px;\" class=\"wp-block-post-title\"><a href=\"https:\/\/www.jornalja.com.br\/especiais\/tj-derruba-liminar-que-protege-patrimonio-da-zoobotanica\/\" target=\"_self\" >TJ derruba liminar que protege patrim\u00f4nio da Zoobot\u00e2nica<\/a><\/h4><\/div>\n\n<\/li><li class=\"wp-block-post post-64497 post type-post status-publish format-standard has-post-thumbnail hentry category-patrimonio\">\n\n<div class=\"wp-block-group has-global-padding is-layout-constrained wp-block-group-is-layout-constrained\"><h4 style=\"padding-top:8px;\" class=\"wp-block-post-title\"><a href=\"https:\/\/www.jornalja.com.br\/especiais\/juiz-vai-realizar-audiencia-para-decidir-futuro-da-zoobotanica\/\" target=\"_self\" >Juiz vai realizar audi\u00eancia para decidir futuro da Zoobot\u00e2nica<\/a><\/h4><\/div>\n\n<\/li><li class=\"wp-block-post post-64350 post type-post status-publish format-standard has-post-thumbnail hentry category-patrimonio\">\n\n<div class=\"wp-block-group has-global-padding is-layout-constrained wp-block-group-is-layout-constrained\"><h4 style=\"padding-top:8px;\" class=\"wp-block-post-title\"><a href=\"https:\/\/www.jornalja.com.br\/especiais\/entidade-aponta-criticas-e-sugestoes-ao-plano-de-concessao-do-zoologico\/\" target=\"_self\" >Entidade aponta cr\u00edticas e sugest\u00f5es ao plano de concess\u00e3o do Zool\u00f3gico<\/a><\/h4><\/div>\n\n<\/li><li class=\"wp-block-post post-63101 post type-post status-publish format-standard has-post-thumbnail hentry category-patrimonio\">\n\n<div class=\"wp-block-group has-global-padding is-layout-constrained wp-block-group-is-layout-constrained\"><h4 style=\"padding-top:8px;\" class=\"wp-block-post-title\"><a href=\"https:\/\/www.jornalja.com.br\/especiais\/justica-trava-novamente-extincao-da-fundacao-zoobotanica\/\" target=\"_self\" >Justi\u00e7a trava novamente extin\u00e7\u00e3o da Funda\u00e7\u00e3o Zoobot\u00e2nica<\/a><\/h4><\/div>\n\n<\/li><li class=\"wp-block-post post-61960 post type-post status-publish format-standard has-post-thumbnail hentry category-patrimonio tag-sao-paulo\">\n\n<div class=\"wp-block-group has-global-padding is-layout-constrained wp-block-group-is-layout-constrained\"><h4 style=\"padding-top:8px;\" class=\"wp-block-post-title\"><a href=\"https:\/\/www.jornalja.com.br\/especiais\/jardim-botanico-e-um-museu-vivo-com-mais-de-4-mil-plantas-nativas\/\" target=\"_self\" >Jardim Bot\u00e2nico \u00e9 um museu vivo com mais de 4 mil plantas nativas<\/a><\/h4><\/div>\n\n<\/li><li class=\"wp-block-post post-61326 post type-post status-publish format-standard has-post-thumbnail hentry category-patrimonio\">\n\n<div class=\"wp-block-group has-global-padding is-layout-constrained wp-block-group-is-layout-constrained\"><h4 style=\"padding-top:8px;\" class=\"wp-block-post-title\"><a href=\"https:\/\/www.jornalja.com.br\/especiais\/juiz-impede-extincao-da-fundacao-zoobotanica-sem-um-plano-de-acoes\/\" target=\"_self\" >Juiz trava extin\u00e7\u00e3o da Zoobot\u00e2nica e exige &#034;plano de a\u00e7\u00e3o&#034;<\/a><\/h4><\/div>\n\n<\/li><li class=\"wp-block-post post-60542 post type-post status-publish format-standard has-post-thumbnail hentry category-patrimonio tag-facebook\">\n\n<div class=\"wp-block-group has-global-padding is-layout-constrained wp-block-group-is-layout-constrained\"><h4 style=\"padding-top:8px;\" class=\"wp-block-post-title\"><a href=\"https:\/\/www.jornalja.com.br\/especiais\/luta-em-defesa-da-fzb-completa-31-meses-com-nova-mobilizacao-dia-25\/\" target=\"_self\" >Luta em defesa da FZB completa 31 meses, com nova mobiliza\u00e7\u00e3o dia 25<\/a><\/h4><\/div>\n\n<\/li><li class=\"wp-block-post post-59894 post type-post status-publish format-standard has-post-thumbnail hentry category-patrimonio\">\n\n<div class=\"wp-block-group has-global-padding is-layout-constrained wp-block-group-is-layout-constrained\"><h4 style=\"padding-top:8px;\" class=\"wp-block-post-title\"><a href=\"https:\/\/www.jornalja.com.br\/especiais\/secretaria-diz-que-so-justica-pode-reverter-a-extincao-da-zoobotanica\/\" target=\"_self\" >Secret\u00e1ria diz que s\u00f3 Justi\u00e7a pode reverter a extin\u00e7\u00e3o da Zoobot\u00e2nica<\/a><\/h4><\/div>\n\n<\/li><li class=\"wp-block-post post-59689 post type-post status-publish format-standard has-post-thumbnail hentry category-patrimonio\">\n\n<div class=\"wp-block-group has-global-padding is-layout-constrained wp-block-group-is-layout-constrained\"><h4 style=\"padding-top:8px;\" class=\"wp-block-post-title\"><a href=\"https:\/\/www.jornalja.com.br\/especiais\/zoobotanica-captou-150-milhoes-de-dolares-nas-ultimas-duas-decadas\/\" target=\"_self\" >Zoobot\u00e2nica captou 150 milh\u00f5es de d\u00f3lares nas \u00faltimas duas d\u00e9cadas<\/a><\/h4><\/div>\n\n<\/li><li class=\"wp-block-post post-59678 post type-post status-publish format-standard has-post-thumbnail hentry category-patrimonio\">\n\n<div class=\"wp-block-group has-global-padding is-layout-constrained wp-block-group-is-layout-constrained\"><h4 style=\"padding-top:8px;\" class=\"wp-block-post-title\"><a href=\"https:\/\/www.jornalja.com.br\/especiais\/governo-do-estado-transfere-atividades-da-fzb-para-sema\/\" target=\"_self\" >Governo do Estado transfere atividades da FZB para SEMA<\/a><\/h4><\/div>\n\n<\/li><li class=\"wp-block-post post-59641 post type-post status-publish format-standard has-post-thumbnail hentry category-patrimonio\">\n\n<div class=\"wp-block-group has-global-padding is-layout-constrained wp-block-group-is-layout-constrained\"><h4 style=\"padding-top:8px;\" class=\"wp-block-post-title\"><a href=\"https:\/\/www.jornalja.com.br\/especiais\/atuacao-da-fzb-garante-isencao-e-economia-ao-estado-diz-biologo\/\" target=\"_self\" >Atua\u00e7\u00e3o da FZB garante isen\u00e7\u00e3o e economia ao Estado, diz bi\u00f3logo<\/a><\/h4><\/div>\n\n<\/li><li class=\"wp-block-post post-59483 post type-post status-publish format-standard has-post-thumbnail hentry category-patrimonio\">\n\n<div class=\"wp-block-group has-global-padding is-layout-constrained wp-block-group-is-layout-constrained\"><h4 style=\"padding-top:8px;\" class=\"wp-block-post-title\"><a href=\"https:\/\/www.jornalja.com.br\/especiais\/zoologico-registra-nascimento-de-papagaios-de-especie-ameacada\/\" target=\"_self\" >Zool\u00f3gico registra nascimento de papagaios de esp\u00e9cie amea\u00e7ada<\/a><\/h4><\/div>\n\n<\/li><\/ul>\n\n\n\n<nav class=\"wp-block-query-pagination is-content-justification-space-between is-layout-flex wp-container-core-query-pagination-is-layout-b2891da8 wp-block-query-pagination-is-layout-flex\" aria-label=\"Pagina\u00e7\u00e3o\">\n\n\n<div style=\"letter-spacing:12px;\" class=\"wp-block-query-pagination-numbers has-large-font-size\"><span aria-current=\"page\" class=\"page-numbers current\">1<\/span>\n<a class=\"page-numbers\" href=\"?query-0-page=2\">2<\/a>\n<a class=\"page-numbers\" href=\"?query-0-page=3\">3<\/a>\n<span class=\"page-numbers dots\">&hellip;<\/span>\n<a class=\"page-numbers\" href=\"?query-0-page=7\">7<\/a><\/div>\n\n<a href=\"\/especiais\/wp-json\/wp\/v2\/pages\/70395?query-0-page=2\" class=\"wp-block-query-pagination-next\">Pr\u00f3xima p\u00e1gina<span class='wp-block-query-pagination-next-arrow is-arrow-arrow' aria-hidden='true'>\u2192<\/span><\/a>\n<\/nav><\/div>\n<\/div>\n","protected":false},"excerpt":{"rendered":"<p>O jornal J\u00c1 re\u00fane neste especial \u201cPatrim\u00f4nio Amea\u00e7ado\u201d uma s\u00e9rie de mat\u00e9rias sobre a Funda\u00e7\u00e3o Zoobot\u00e2nica do Rio Grande do Sul (FZB\/RS), uma das sete funda\u00e7\u00f5es p\u00fablicas inclu\u00eddas no in\u00edcio deste ano de 2017, pelo governo do Estado, num pacote de medidas que autoriza a sua extin\u00e7\u00e3o. A cobertura traz uma vis\u00e3o ampla das tr\u00eas [&hellip;]<\/p>\n","protected":false},"author":4,"featured_media":79377,"parent":5,"menu_order":96,"comment_status":"closed","ping_status":"closed","template":"p-gina-sem-foto","meta":{"footnotes":""},"class_list":["post-70395","page","type-page","status-publish","has-post-thumbnail","hentry"],"aioseo_notices":[],"jetpack_sharing_enabled":true,"_links":{"self":[{"href":"https:\/\/www.jornalja.com.br\/especiais\/wp-json\/wp\/v2\/pages\/70395","targetHints":{"allow":["GET"]}}],"collection":[{"href":"https:\/\/www.jornalja.com.br\/especiais\/wp-json\/wp\/v2\/pages"}],"about":[{"href":"https:\/\/www.jornalja.com.br\/especiais\/wp-json\/wp\/v2\/types\/page"}],"author":[{"embeddable":true,"href":"https:\/\/www.jornalja.com.br\/especiais\/wp-json\/wp\/v2\/users\/4"}],"replies":[{"embeddable":true,"href":"https:\/\/www.jornalja.com.br\/especiais\/wp-json\/wp\/v2\/comments?post=70395"}],"version-history":[{"count":10,"href":"https:\/\/www.jornalja.com.br\/especiais\/wp-json\/wp\/v2\/pages\/70395\/revisions"}],"predecessor-version":[{"id":79645,"href":"https:\/\/www.jornalja.com.br\/especiais\/wp-json\/wp\/v2\/pages\/70395\/revisions\/79645"}],"up":[{"embeddable":true,"href":"https:\/\/www.jornalja.com.br\/especiais\/wp-json\/wp\/v2\/pages\/5"}],"wp:featuredmedia":[{"embeddable":true,"href":"https:\/\/www.jornalja.com.br\/especiais\/wp-json\/wp\/v2\/media\/79377"}],"wp:attachment":[{"href":"https:\/\/www.jornalja.com.br\/especiais\/wp-json\/wp\/v2\/media?parent=70395"}],"curies":[{"name":"wp","href":"https:\/\/api.w.org\/{rel}","templated":true}]}}