{"id":78866,"date":"2020-08-01T01:16:39","date_gmt":"2020-08-01T04:16:39","guid":{"rendered":"https:\/\/www.jornalja.com.br\/especiais\/?page_id=78866"},"modified":"2026-02-19T14:06:30","modified_gmt":"2026-02-19T17:06:30","slug":"asredesdoodio","status":"publish","type":"page","link":"https:\/\/www.jornalja.com.br\/especiais\/principal\/asredesdoodio\/","title":{"rendered":"As redes do \u00f3dio"},"content":{"rendered":"\n<figure class=\"wp-block-image alignleft size-full\"><img decoding=\"async\" width=\"190\" height=\"190\" src=\"https:\/\/www.jornalja.com.br\/especiais\/wp-content\/uploads\/sites\/14\/2021\/12\/aro-selo.jpg\" alt=\"\" class=\"wp-image-79379\" srcset=\"https:\/\/www.jornalja.com.br\/especiais\/wp-content\/uploads\/sites\/14\/2021\/12\/aro-selo.jpg 190w, https:\/\/www.jornalja.com.br\/especiais\/wp-content\/uploads\/sites\/14\/2021\/12\/aro-selo-150x150.jpg 150w\" sizes=\"(max-width: 190px) 100vw, 190px\" \/><\/figure>\n\n\n\n<p>Saiba o que est\u00e1 por tr\u00e1s da onda de amea\u00e7as \u00e0 escolas que colocaram o RS em alerta, e como tiroteios em massa fermentam pelo Brasil desde os anos 90.<\/p>\n\n\n\n<p>Seguindo protocolos e recomenda\u00e7\u00f5es internacionais para divulga\u00e7\u00e3o desse tema, e sem dar notoriedade para criminosos, o J\u00c1 foi ouvir os maiores pesquisadores da \u00e1rea para oferecer para voc\u00ea, nosso leitor, um conte\u00fado de refer\u00eancia.<\/p>\n\n\n\n<p style=\"text-transform:uppercase\"><em>Por Tiago Lobo<\/em><\/p>\n\n\n\n<div class=\"wp-block-group has-global-padding is-layout-constrained wp-block-group-is-layout-constrained\" style=\"margin-top:2rem;margin-bottom:2rem\">\n<div class=\"wp-block-query is-layout-flow wp-block-query-is-layout-flow\"><ul class=\"columns-3 wp-block-post-template is-layout-grid wp-container-core-post-template-is-layout-e102377b wp-block-post-template-is-layout-grid\"><li class=\"wp-block-post post-73808 post type-post status-publish format-standard has-post-thumbnail hentry category-as-redes-do-odio tag-ameacas tag-american-psychological-association tag-as-redes-do-odio tag-bullying tag-cybelle-fox tag-david-james-harding tag-donna-killingbeck tag-dont-name-them tag-dr-daniel-reidenberg tag-efeito-contagio tag-facebook tag-google tag-imprensa tag-intolerancia tag-jal-mehta tag-no-notoriety tag-sherry-towers tag-suzano tag-tiago-lobo tag-tiroteios-em-massa tag-www-reportingonmassshootings-org\">\n\n<div class=\"wp-block-group has-global-padding is-layout-constrained wp-block-group-is-layout-constrained\"><figure style=\"aspect-ratio:16\/9;\" class=\"wp-block-post-featured-image\"><a href=\"https:\/\/www.jornalja.com.br\/especiais\/a-imprensa-e-o-efeito-contagio\/\" target=\"_self\"  ><img decoding=\"async\" width=\"300\" height=\"200\" src=\"https:\/\/www.jornalja.com.br\/especiais\/wp-content\/uploads\/sites\/14\/2020\/08\/reporters-interview-with-microphones-and-cameras-25-hq-jpg-25-300x200.jpg\" class=\"attachment-medium size-medium wp-post-image\" alt=\"A imprensa e o \u201cefeito cont\u00e1gio\u201d\" style=\"width:100%;height:100%;object-fit:cover;\" srcset=\"https:\/\/www.jornalja.com.br\/especiais\/wp-content\/uploads\/sites\/14\/2020\/08\/reporters-interview-with-microphones-and-cameras-25-hq-jpg-25-300x200.jpg 300w, https:\/\/www.jornalja.com.br\/especiais\/wp-content\/uploads\/sites\/14\/2020\/08\/reporters-interview-with-microphones-and-cameras-25-hq-jpg-25-scaled.jpg 1024w, https:\/\/www.jornalja.com.br\/especiais\/wp-content\/uploads\/sites\/14\/2020\/08\/reporters-interview-with-microphones-and-cameras-25-hq-jpg-25-768x512.jpg 768w\" sizes=\"(max-width: 300px) 100vw, 300px\" \/><\/a><\/figure>\n\n<h3 style=\"padding-top:8px;padding-bottom:0;margin-top:0;margin-bottom:0;\" class=\"wp-block-post-title\"><a href=\"https:\/\/www.jornalja.com.br\/especiais\/a-imprensa-e-o-efeito-contagio\/\" target=\"_self\" >A imprensa e o \u201cefeito cont\u00e1gio\u201d<\/a><\/h3><\/div>\n\n<\/li><li class=\"wp-block-post post-73799 post type-post status-publish format-standard has-post-thumbnail hentry category-as-redes-do-odio tag-alison-clabaugh tag-ameacas tag-as-redes-do-odio tag-augusto-buchweitz tag-bullying tag-efeitos tag-eua tag-eva-fjallstrom tag-frank-mcandrew tag-gary-clabaugh tag-inscer tag-instituto-do-cerebro-do-rs tag-joel-wong tag-ken-kyle tag-knox-college tag-lulea-university-of-technology tag-monitor-on-psychology tag-o-segundo-sexo tag-peter-langman tag-pucrs tag-rampage-school-shooters-a-typology tag-school-shooters tag-servico-secreto tag-simone-de-beuvoir tag-stephen-thompson tag-the-final-report-and-findings-of-the-safe-school-initiative tag-tiago-lobo tag-tiroteios-em-massa tag-why-kids-kill-inside-the-minds-of-school-shooters\">\n\n<div class=\"wp-block-group has-global-padding is-layout-constrained wp-block-group-is-layout-constrained\"><figure style=\"aspect-ratio:16\/9;\" class=\"wp-block-post-featured-image\"><a href=\"https:\/\/www.jornalja.com.br\/especiais\/motivacao-desafia-especialistas\/\" target=\"_self\"  ><img decoding=\"async\" width=\"300\" height=\"288\" src=\"https:\/\/www.jornalja.com.br\/especiais\/wp-content\/uploads\/sites\/14\/2020\/08\/human-head-and-brain-5-300x288.jpg\" class=\"attachment-medium size-medium wp-post-image\" alt=\"Motiva\u00e7\u00e3o divide especialistas\" style=\"width:100%;height:100%;object-fit:cover;\" srcset=\"https:\/\/www.jornalja.com.br\/especiais\/wp-content\/uploads\/sites\/14\/2020\/08\/human-head-and-brain-5-300x288.jpg 300w, https:\/\/www.jornalja.com.br\/especiais\/wp-content\/uploads\/sites\/14\/2020\/08\/human-head-and-brain-5-scaled.jpg 1024w, https:\/\/www.jornalja.com.br\/especiais\/wp-content\/uploads\/sites\/14\/2020\/08\/human-head-and-brain-5-768x737.jpg 768w\" sizes=\"(max-width: 300px) 100vw, 300px\" \/><\/a><\/figure>\n\n<h3 style=\"padding-top:8px;padding-bottom:0;margin-top:0;margin-bottom:0;\" class=\"wp-block-post-title\"><a href=\"https:\/\/www.jornalja.com.br\/especiais\/motivacao-desafia-especialistas\/\" target=\"_self\" >Motiva\u00e7\u00e3o divide especialistas<\/a><\/h3><\/div>\n\n<\/li><li class=\"wp-block-post post-74143 post type-post status-publish format-standard has-post-thumbnail hentry category-as-redes-do-odio tag-ameacas tag-as-redes-do-odio tag-bullying tag-carolina-lisboa tag-cyberbullying tag-efeitos tag-o-que-e-bullying tag-pucrs tag-tiago-lobo tag-tiroteios-em-massa\">\n\n<div class=\"wp-block-group has-global-padding is-layout-constrained wp-block-group-is-layout-constrained\"><figure style=\"aspect-ratio:16\/9;\" class=\"wp-block-post-featured-image\"><a href=\"https:\/\/www.jornalja.com.br\/especiais\/bullying-um-em-cada-dez-estudantes-e-vitima\/\" target=\"_self\"  ><img decoding=\"async\" width=\"300\" height=\"213\" src=\"https:\/\/www.jornalja.com.br\/especiais\/wp-content\/uploads\/sites\/14\/2020\/08\/23506-300x213.jpg\" class=\"attachment-medium size-medium wp-post-image\" alt=\"Bullying: um em cada dez estudantes \u00e9 v\u00edtima\" style=\"width:100%;height:100%;object-fit:cover;\" srcset=\"https:\/\/www.jornalja.com.br\/especiais\/wp-content\/uploads\/sites\/14\/2020\/08\/23506-300x213.jpg 300w, https:\/\/www.jornalja.com.br\/especiais\/wp-content\/uploads\/sites\/14\/2020\/08\/23506-scaled.jpg 1024w, https:\/\/www.jornalja.com.br\/especiais\/wp-content\/uploads\/sites\/14\/2020\/08\/23506-768x546.jpg 768w\" sizes=\"(max-width: 300px) 100vw, 300px\" \/><\/a><\/figure>\n\n<h3 style=\"padding-top:8px;padding-bottom:0;margin-top:0;margin-bottom:0;\" class=\"wp-block-post-title\"><a href=\"https:\/\/www.jornalja.com.br\/especiais\/bullying-um-em-cada-dez-estudantes-e-vitima\/\" target=\"_self\" >Bullying: um em cada dez estudantes \u00e9 v\u00edtima<\/a><\/h3><\/div>\n\n<\/li><li class=\"wp-block-post post-73793 post type-post status-publish format-standard has-post-thumbnail hentry category-as-redes-do-odio tag-ameacas tag-as-redes-do-odio tag-bullying tag-ciberbullying tag-cyberbullying tag-discurso-de-odio tag-facebook tag-google tag-intolerancia tag-microsoft tag-safernet-brasil tag-tiago-lobo tag-twitter\">\n\n<div class=\"wp-block-group has-global-padding is-layout-constrained wp-block-group-is-layout-constrained\"><figure style=\"aspect-ratio:16\/9;\" class=\"wp-block-post-featured-image\"><a href=\"https:\/\/www.jornalja.com.br\/especiais\/rs-ocupa-o-4o-lugar-no-ranking-do-odio\/\" target=\"_self\"  ><img decoding=\"async\" width=\"300\" height=\"230\" src=\"https:\/\/www.jornalja.com.br\/especiais\/wp-content\/uploads\/sites\/14\/2020\/08\/fracture-of-the-head-fotolia-7-300x230.jpg\" class=\"attachment-medium size-medium wp-post-image\" alt=\"RS ocupa o 4\u00ba lugar no \u201cranking do \u00f3dio\u201d\" style=\"width:100%;height:100%;object-fit:cover;\" srcset=\"https:\/\/www.jornalja.com.br\/especiais\/wp-content\/uploads\/sites\/14\/2020\/08\/fracture-of-the-head-fotolia-7-300x230.jpg 300w, https:\/\/www.jornalja.com.br\/especiais\/wp-content\/uploads\/sites\/14\/2020\/08\/fracture-of-the-head-fotolia-7-scaled.jpg 1024w, https:\/\/www.jornalja.com.br\/especiais\/wp-content\/uploads\/sites\/14\/2020\/08\/fracture-of-the-head-fotolia-7-768x589.jpg 768w\" sizes=\"(max-width: 300px) 100vw, 300px\" \/><\/a><\/figure>\n\n<h3 style=\"padding-top:8px;padding-bottom:0;margin-top:0;margin-bottom:0;\" class=\"wp-block-post-title\"><a href=\"https:\/\/www.jornalja.com.br\/especiais\/rs-ocupa-o-4o-lugar-no-ranking-do-odio\/\" target=\"_self\" >RS ocupa o 4\u00ba lugar no \u201cranking do \u00f3dio\u201d<\/a><\/h3><\/div>\n\n<\/li><li class=\"wp-block-post post-73777 post type-post status-publish format-standard has-post-thumbnail hentry category-as-redes-do-odio tag-ameacas tag-as-redes-do-odio tag-bullying tag-deep-web tag-dogolachan tag-goiania tag-google tag-goyazes tag-imprensa tag-morumbi tag-realengo tag-sao-caetano-do-sul tag-sao-paulo tag-suzano tag-taiuva tag-tiago-lobo tag-tiroteios-em-massa\">\n\n<div class=\"wp-block-group has-global-padding is-layout-constrained wp-block-group-is-layout-constrained\"><figure style=\"aspect-ratio:16\/9;\" class=\"wp-block-post-featured-image\"><a href=\"https:\/\/www.jornalja.com.br\/especiais\/ha-20-anos-ameacas-fermentam-na-internet\/\" target=\"_self\"  ><img decoding=\"async\" width=\"300\" height=\"247\" src=\"https:\/\/www.jornalja.com.br\/especiais\/wp-content\/uploads\/sites\/14\/2020\/08\/human-rights-21-300x247.jpg\" class=\"attachment-medium size-medium wp-post-image\" alt=\"H\u00e1 20 anos amea\u00e7as fermentam na internet\" style=\"width:100%;height:100%;object-fit:cover;\" srcset=\"https:\/\/www.jornalja.com.br\/especiais\/wp-content\/uploads\/sites\/14\/2020\/08\/human-rights-21-300x247.jpg 300w, https:\/\/www.jornalja.com.br\/especiais\/wp-content\/uploads\/sites\/14\/2020\/08\/human-rights-21-scaled.jpg 1024w, https:\/\/www.jornalja.com.br\/especiais\/wp-content\/uploads\/sites\/14\/2020\/08\/human-rights-21-768x633.jpg 768w\" sizes=\"(max-width: 300px) 100vw, 300px\" \/><\/a><\/figure>\n\n<h3 style=\"padding-top:8px;padding-bottom:0;margin-top:0;margin-bottom:0;\" class=\"wp-block-post-title\"><a href=\"https:\/\/www.jornalja.com.br\/especiais\/ha-20-anos-ameacas-fermentam-na-internet\/\" target=\"_self\" >H\u00e1 20 anos amea\u00e7as fermentam na internet<\/a><\/h3><\/div>\n\n<\/li><li class=\"wp-block-post post-73772 post type-post status-publish format-standard has-post-thumbnail hentry category-as-redes-do-odio tag-ameacas tag-as-redes-do-odio tag-deep-web tag-delegacia-de-repressao-aos-crimes-informaticos tag-delegado-andre-anicet tag-dogolachan tag-drci tag-facebook tag-google tag-imprensa tag-inspetor-amaral tag-rede-marista tag-serie-especial tag-suzano tag-tiago-lobo tag-tiroteios-em-massa tag-twitter\">\n\n<div class=\"wp-block-group has-global-padding is-layout-constrained wp-block-group-is-layout-constrained\"><figure style=\"aspect-ratio:16\/9;\" class=\"wp-block-post-featured-image\"><a href=\"https:\/\/www.jornalja.com.br\/especiais\/repressao-aos-crimes-virtuais-desafia-policia\/\" target=\"_self\"  ><img decoding=\"async\" width=\"300\" height=\"200\" src=\"https:\/\/www.jornalja.com.br\/especiais\/wp-content\/uploads\/sites\/14\/2020\/08\/505620-phtvx2-966-300x200.jpg\" class=\"attachment-medium size-medium wp-post-image\" alt=\"Repress\u00e3o aos crimes virtuais desafia pol\u00edcia ga\u00facha\" style=\"width:100%;height:100%;object-fit:cover;\" srcset=\"https:\/\/www.jornalja.com.br\/especiais\/wp-content\/uploads\/sites\/14\/2020\/08\/505620-phtvx2-966-300x200.jpg 300w, https:\/\/www.jornalja.com.br\/especiais\/wp-content\/uploads\/sites\/14\/2020\/08\/505620-phtvx2-966-scaled.jpg 1024w, https:\/\/www.jornalja.com.br\/especiais\/wp-content\/uploads\/sites\/14\/2020\/08\/505620-phtvx2-966-768x513.jpg 768w\" sizes=\"(max-width: 300px) 100vw, 300px\" \/><\/a><\/figure>\n\n<h3 style=\"padding-top:8px;padding-bottom:0;margin-top:0;margin-bottom:0;\" class=\"wp-block-post-title\"><a href=\"https:\/\/www.jornalja.com.br\/especiais\/repressao-aos-crimes-virtuais-desafia-policia\/\" target=\"_self\" >Repress\u00e3o aos crimes virtuais desafia pol\u00edcia ga\u00facha<\/a><\/h3><\/div>\n\n<\/li><\/ul>\n\n<\/div>\n<\/div>\n","protected":false},"excerpt":{"rendered":"<p>Saiba o que est\u00e1 por tr\u00e1s da onda de amea\u00e7as \u00e0 escolas que colocaram o RS em alerta, e como tiroteios em massa fermentam pelo Brasil desde os anos 90. Seguindo protocolos e recomenda\u00e7\u00f5es internacionais para divulga\u00e7\u00e3o desse tema, e sem dar notoriedade para criminosos, o J\u00c1 foi ouvir os maiores pesquisadores da \u00e1rea para [&hellip;]<\/p>\n","protected":false},"author":1,"featured_media":79379,"parent":5,"menu_order":98,"comment_status":"closed","ping_status":"closed","template":"p-gina-sem-foto","meta":{"footnotes":""},"class_list":["post-78866","page","type-page","status-publish","has-post-thumbnail","hentry"],"aioseo_notices":[],"jetpack_sharing_enabled":true,"_links":{"self":[{"href":"https:\/\/www.jornalja.com.br\/especiais\/wp-json\/wp\/v2\/pages\/78866","targetHints":{"allow":["GET"]}}],"collection":[{"href":"https:\/\/www.jornalja.com.br\/especiais\/wp-json\/wp\/v2\/pages"}],"about":[{"href":"https:\/\/www.jornalja.com.br\/especiais\/wp-json\/wp\/v2\/types\/page"}],"author":[{"embeddable":true,"href":"https:\/\/www.jornalja.com.br\/especiais\/wp-json\/wp\/v2\/users\/1"}],"replies":[{"embeddable":true,"href":"https:\/\/www.jornalja.com.br\/especiais\/wp-json\/wp\/v2\/comments?post=78866"}],"version-history":[{"count":10,"href":"https:\/\/www.jornalja.com.br\/especiais\/wp-json\/wp\/v2\/pages\/78866\/revisions"}],"predecessor-version":[{"id":79638,"href":"https:\/\/www.jornalja.com.br\/especiais\/wp-json\/wp\/v2\/pages\/78866\/revisions\/79638"}],"up":[{"embeddable":true,"href":"https:\/\/www.jornalja.com.br\/especiais\/wp-json\/wp\/v2\/pages\/5"}],"wp:featuredmedia":[{"embeddable":true,"href":"https:\/\/www.jornalja.com.br\/especiais\/wp-json\/wp\/v2\/media\/79379"}],"wp:attachment":[{"href":"https:\/\/www.jornalja.com.br\/especiais\/wp-json\/wp\/v2\/media?parent=78866"}],"curies":[{"name":"wp","href":"https:\/\/api.w.org\/{rel}","templated":true}]}}