{"id":79118,"date":"2021-05-10T17:05:58","date_gmt":"2021-05-10T20:05:58","guid":{"rendered":"https:\/\/www.jornalja.com.br\/especiais\/?page_id=79118"},"modified":"2026-02-19T13:46:56","modified_gmt":"2026-02-19T16:46:56","slug":"luiz-claudio-cunha","status":"publish","type":"page","link":"https:\/\/www.jornalja.com.br\/especiais\/principal\/luiz-claudio-cunha\/","title":{"rendered":"Luiz Cl\u00e1udio Cunha"},"content":{"rendered":"\n<p><style>.post-thumbnail { display: none; }<\/style><\/p>\n\n\n\n<figure class=\"wp-block-image alignleft\"><img decoding=\"async\" width=\"300\" height=\"291\" src=\"https:\/\/www.jornalja.com.br\/especiais\/wp-content\/uploads\/sites\/14\/2021\/12\/lcc-interna-e1638412781178-300x291.png\" alt=\"\" class=\"wp-image-79388\" srcset=\"https:\/\/www.jornalja.com.br\/especiais\/wp-content\/uploads\/sites\/14\/2021\/12\/lcc-interna-e1638412781178-300x291.png 300w, https:\/\/www.jornalja.com.br\/especiais\/wp-content\/uploads\/sites\/14\/2021\/12\/lcc-interna-e1638412781178.png 685w\" sizes=\"(max-width: 300px) 100vw, 300px\" \/><\/figure>\n\n\n\n<p>Jornalista com a carreira marcada pela reportagem investigativa e pela pol\u00edtica, Luiz Cl\u00e1udio Cunha amealhou variados pr\u00eamios, cobriu epis\u00f3dios pol\u00edticos marcantes e escreveu sobre crimes contra os direitos humanos realizados pelas ditaduras militares do Cone Sul.<\/p>\n\n\n\n<p>Dentre seus trabalhos mais importantes,&nbsp; destaca-se a s\u00e9rie \u201cSequestro dos Uruguaios\u201d, pr\u00eamio principal do Esso de Jornalismo de 1979,&nbsp; uma tentativa ilegal de militares brasileiros e uruguaios para a pris\u00e3o de ativistas uruguaios, no \u00e2mbito da clandestina Opera\u00e7\u00e3o Condor.<\/p>\n\n\n\n<p>Em 2008, lan\u00e7ou o livro Opera\u00e7\u00e3o Condor: o Sequestro dos Uruguaios &#8212; uma reportagem dos tempos da ditadura, recebendo da C\u00e2mara Brasileira do Livro um Pr\u00eamio Jabuti e tamb\u00e9m a men\u00e7\u00e3o honrosa do Pr\u00eamio Vladimir Herzog do Sindicato dos Jornalistas de S\u00e3o Paulo, ambos na categoria de Livro-Reportagem. \u00c9 detentor do T\u00edtulo de Not\u00f3rio Saber em Jornalismo pela Universidade de Bras\u00edlia.<\/p>\n\n\n\n<div class=\"wp-block-group has-global-padding is-layout-constrained wp-block-group-is-layout-constrained\" style=\"margin-top:2rem;margin-bottom:2rem\">\n<div class=\"wp-block-query is-layout-flow wp-block-query-is-layout-flow\"><ul class=\"wp-block-post-template is-layout-flow wp-container-core-post-template-is-layout-7878e832 wp-block-post-template-is-layout-flow\"><li class=\"wp-block-post post-79472 post type-post status-publish format-standard has-post-thumbnail hentry category-hotsite-luiz-claudio-cunha tag-facebook tag-sao-paulo\">\n<figure style=\"aspect-ratio:16\/9;\" class=\"wp-block-post-featured-image\"><a href=\"https:\/\/www.jornalja.com.br\/especiais\/o-pele-do-futeobol\/\" target=\"_self\"  ><img decoding=\"async\" width=\"300\" height=\"150\" src=\"https:\/\/www.jornalja.com.br\/especiais\/wp-content\/uploads\/sites\/14\/2023\/01\/50514531646-7fce06e3e3-o-300x150.jpg\" class=\"attachment-medium size-medium wp-post-image\" alt=\"O Pel\u00e9 do Futebol\" style=\"width:100%;height:100%;object-fit:cover;\" srcset=\"https:\/\/www.jornalja.com.br\/especiais\/wp-content\/uploads\/sites\/14\/2023\/01\/50514531646-7fce06e3e3-o-300x150.jpg 300w, https:\/\/www.jornalja.com.br\/especiais\/wp-content\/uploads\/sites\/14\/2023\/01\/50514531646-7fce06e3e3-o-1024x512.jpg 1024w, https:\/\/www.jornalja.com.br\/especiais\/wp-content\/uploads\/sites\/14\/2023\/01\/50514531646-7fce06e3e3-o-768x384.jpg 768w, https:\/\/www.jornalja.com.br\/especiais\/wp-content\/uploads\/sites\/14\/2023\/01\/50514531646-7fce06e3e3-o-1536x768.jpg 1536w, https:\/\/www.jornalja.com.br\/especiais\/wp-content\/uploads\/sites\/14\/2023\/01\/50514531646-7fce06e3e3-o-1200x600.jpg 1200w, https:\/\/www.jornalja.com.br\/especiais\/wp-content\/uploads\/sites\/14\/2023\/01\/50514531646-7fce06e3e3-o.jpg 1600w\" sizes=\"(max-width: 300px) 100vw, 300px\" \/><\/a><\/figure>\n\n<h1 class=\"wp-block-post-title\"><a href=\"https:\/\/www.jornalja.com.br\/especiais\/o-pele-do-futeobol\/\" target=\"_self\" >O Pel\u00e9 do Futebol<\/a><\/h1>\n<\/li><\/ul>\n\n<\/div>\n<\/div>\n\n\n\n<div class=\"wp-block-group has-global-padding is-layout-constrained wp-block-group-is-layout-constrained\" style=\"margin-top:2rem;margin-bottom:2rem\">\n<div class=\"wp-block-query is-layout-flow wp-block-query-is-layout-flow\"><ul class=\"columns-3 wp-block-post-template is-layout-grid wp-container-core-post-template-is-layout-e102377b wp-block-post-template-is-layout-grid\"><li class=\"wp-block-post post-79436 post type-post status-publish format-standard has-post-thumbnail hentry category-hotsite-luiz-claudio-cunha tag-efeitos tag-imprensa tag-sao-paulo tag-sni\">\n<figure style=\"aspect-ratio:16\/9;\" class=\"wp-block-post-featured-image\"><a href=\"https:\/\/www.jornalja.com.br\/especiais\/joao-souza-1935-2022-morre-um-gigante-do-jornalismo-brasileiro\/\" target=\"_self\"  ><img decoding=\"async\" width=\"300\" height=\"140\" src=\"https:\/\/www.jornalja.com.br\/especiais\/wp-content\/uploads\/sites\/14\/2022\/06\/joaosouza-imagem01-300x140.jpg\" class=\"attachment-medium size-medium wp-post-image\" alt=\"JO\u00c3O SOUZA (1935-2022): Morre um gigante do jornalismo brasileiro\" style=\"width:100%;height:100%;object-fit:cover;\" srcset=\"https:\/\/www.jornalja.com.br\/especiais\/wp-content\/uploads\/sites\/14\/2022\/06\/joaosouza-imagem01-300x140.jpg 300w, https:\/\/www.jornalja.com.br\/especiais\/wp-content\/uploads\/sites\/14\/2022\/06\/joaosouza-imagem01-768x359.jpg 768w, https:\/\/www.jornalja.com.br\/especiais\/wp-content\/uploads\/sites\/14\/2022\/06\/joaosouza-imagem01.jpg 975w\" sizes=\"(max-width: 300px) 100vw, 300px\" \/><\/a><\/figure>\n\n<h3 class=\"wp-block-post-title\"><a href=\"https:\/\/www.jornalja.com.br\/especiais\/joao-souza-1935-2022-morre-um-gigante-do-jornalismo-brasileiro\/\" target=\"_self\" >JO\u00c3O SOUZA (1935-2022): Morre um gigante do jornalismo brasileiro<\/a><\/h3>\n<\/li><li class=\"wp-block-post post-79415 post type-post status-publish format-standard has-post-thumbnail hentry category-hotsite-luiz-claudio-cunha tag-imprensa tag-twitter\">\n<figure style=\"aspect-ratio:16\/9;\" class=\"wp-block-post-featured-image\"><a href=\"https:\/\/www.jornalja.com.br\/especiais\/a-jornalista-gravida-torturada-e-o-deputado-cinico-debochado\/\" target=\"_self\"  ><img decoding=\"async\" width=\"300\" height=\"156\" src=\"https:\/\/www.jornalja.com.br\/especiais\/wp-content\/uploads\/sites\/14\/2022\/04\/foto001-300x156.jpg\" class=\"attachment-medium size-medium wp-post-image\" alt=\"A jornalista gr\u00e1vida, torturada, e o deputado c\u00ednico, debochado\" style=\"width:100%;height:100%;object-fit:cover;\" srcset=\"https:\/\/www.jornalja.com.br\/especiais\/wp-content\/uploads\/sites\/14\/2022\/04\/foto001-300x156.jpg 300w, https:\/\/www.jornalja.com.br\/especiais\/wp-content\/uploads\/sites\/14\/2022\/04\/foto001-1024x533.jpg 1024w, https:\/\/www.jornalja.com.br\/especiais\/wp-content\/uploads\/sites\/14\/2022\/04\/foto001-768x399.jpg 768w, https:\/\/www.jornalja.com.br\/especiais\/wp-content\/uploads\/sites\/14\/2022\/04\/foto001-1200x624.jpg 1200w, https:\/\/www.jornalja.com.br\/especiais\/wp-content\/uploads\/sites\/14\/2022\/04\/foto001.jpg 1498w\" sizes=\"(max-width: 300px) 100vw, 300px\" \/><\/a><\/figure>\n\n<h3 class=\"wp-block-post-title\"><a href=\"https:\/\/www.jornalja.com.br\/especiais\/a-jornalista-gravida-torturada-e-o-deputado-cinico-debochado\/\" target=\"_self\" >A jornalista gr\u00e1vida, torturada, e o deputado c\u00ednico, debochado<\/a><\/h3>\n<\/li><li class=\"wp-block-post post-79109 post type-post status-publish format-standard has-post-thumbnail hentry category-hotsite-luiz-claudio-cunha tag-discurso-de-odio tag-efeitos tag-eua tag-intolerancia tag-sao-paulo tag-servico-secreto\">\n<figure style=\"aspect-ratio:16\/9;\" class=\"wp-block-post-featured-image\"><a href=\"https:\/\/www.jornalja.com.br\/especiais\/a-banalidade-do-mal-na-erosao-etica-da-politica\/\" target=\"_self\"  ><img decoding=\"async\" width=\"300\" height=\"109\" src=\"https:\/\/www.jornalja.com.br\/especiais\/wp-content\/uploads\/sites\/14\/2020\/12\/imagem01-300x109.jpg\" class=\"attachment-medium size-medium wp-post-image\" alt=\"A banalidade do mal na eros\u00e3o \u00e9tica da pol\u00edtica\" style=\"width:100%;height:100%;object-fit:cover;\" srcset=\"https:\/\/www.jornalja.com.br\/especiais\/wp-content\/uploads\/sites\/14\/2020\/12\/imagem01-300x109.jpg 300w, https:\/\/www.jornalja.com.br\/especiais\/wp-content\/uploads\/sites\/14\/2020\/12\/imagem01-768x280.jpg 768w, https:\/\/www.jornalja.com.br\/especiais\/wp-content\/uploads\/sites\/14\/2020\/12\/imagem01.jpg 989w\" sizes=\"(max-width: 300px) 100vw, 300px\" \/><\/a><\/figure>\n\n<h3 class=\"wp-block-post-title\"><a href=\"https:\/\/www.jornalja.com.br\/especiais\/a-banalidade-do-mal-na-erosao-etica-da-politica\/\" target=\"_self\" >A banalidade do mal na eros\u00e3o \u00e9tica da pol\u00edtica<\/a><\/h3>\n<\/li><li class=\"wp-block-post post-79064 post type-post status-publish format-standard has-post-thumbnail hentry category-hotsite-luiz-claudio-cunha tag-ameacas tag-efeitos tag-golbery-do-couto-e-silva tag-imprensa tag-sao-paulo tag-servico-secreto tag-sni\">\n<figure style=\"aspect-ratio:16\/9;\" class=\"wp-block-post-featured-image\"><a href=\"https:\/\/www.jornalja.com.br\/especiais\/a-morte-quase-obscura-de-um-lider-exemplar-no-pais-do-capitao-cafajeste\/\" target=\"_self\"  ><img decoding=\"async\" width=\"300\" height=\"166\" src=\"https:\/\/www.jornalja.com.br\/especiais\/wp-content\/uploads\/sites\/14\/2021\/03\/imagem01-300x166.jpg\" class=\"attachment-medium size-medium wp-post-image\" alt=\"A morte quase obscura de um l\u00edder exemplar no pa\u00eds do capit\u00e3o cafajeste\" style=\"width:100%;height:100%;object-fit:cover;\" srcset=\"https:\/\/www.jornalja.com.br\/especiais\/wp-content\/uploads\/sites\/14\/2021\/03\/imagem01-300x166.jpg 300w, https:\/\/www.jornalja.com.br\/especiais\/wp-content\/uploads\/sites\/14\/2021\/03\/imagem01-1024x566.jpg 1024w, https:\/\/www.jornalja.com.br\/especiais\/wp-content\/uploads\/sites\/14\/2021\/03\/imagem01-768x425.jpg 768w, https:\/\/www.jornalja.com.br\/especiais\/wp-content\/uploads\/sites\/14\/2021\/03\/imagem01.jpg 1172w\" sizes=\"(max-width: 300px) 100vw, 300px\" \/><\/a><\/figure>\n\n<h3 class=\"wp-block-post-title\"><a href=\"https:\/\/www.jornalja.com.br\/especiais\/a-morte-quase-obscura-de-um-lider-exemplar-no-pais-do-capitao-cafajeste\/\" target=\"_self\" >A morte quase obscura de um l\u00edder exemplar no pa\u00eds do capit\u00e3o cafajeste<\/a><\/h3>\n<\/li><li class=\"wp-block-post post-79036 post type-post status-publish format-standard has-post-thumbnail hentry category-hotsite-luiz-claudio-cunha tag-eua tag-golbery-do-couto-e-silva tag-imprensa tag-sao-paulo tag-sni\">\n<figure style=\"aspect-ratio:16\/9;\" class=\"wp-block-post-featured-image\"><a href=\"https:\/\/www.jornalja.com.br\/especiais\/a-mobilizacao-gaucha-por-vlado\/\" target=\"_self\"  ><img decoding=\"async\" width=\"300\" height=\"200\" src=\"https:\/\/www.jornalja.com.br\/especiais\/wp-content\/uploads\/sites\/14\/2021\/02\/audalio-dantas-no-velorio-de-herzog-300x200.jpg\" class=\"attachment-medium size-medium wp-post-image\" alt=\"Naqueles tempos em que mataram Vlado\" style=\"width:100%;height:100%;object-fit:cover;\" srcset=\"https:\/\/www.jornalja.com.br\/especiais\/wp-content\/uploads\/sites\/14\/2021\/02\/audalio-dantas-no-velorio-de-herzog-300x200.jpg 300w, https:\/\/www.jornalja.com.br\/especiais\/wp-content\/uploads\/sites\/14\/2021\/02\/audalio-dantas-no-velorio-de-herzog.jpg 714w\" sizes=\"(max-width: 300px) 100vw, 300px\" \/><\/a><\/figure>\n\n<h3 class=\"wp-block-post-title\"><a href=\"https:\/\/www.jornalja.com.br\/especiais\/a-mobilizacao-gaucha-por-vlado\/\" target=\"_self\" >Naqueles tempos em que mataram Vlado<\/a><\/h3>\n<\/li><li class=\"wp-block-post post-79089 post type-post status-publish format-standard has-post-thumbnail hentry category-hotsite-luiz-claudio-cunha tag-luiz-claudio-cunha tag-sao-paulo tag-servico-secreto tag-sni\">\n<figure style=\"aspect-ratio:16\/9;\" class=\"wp-block-post-featured-image\"><a href=\"https:\/\/www.jornalja.com.br\/especiais\/condor-condenada\/\" target=\"_self\"  ><img decoding=\"async\" width=\"300\" height=\"96\" src=\"https:\/\/www.jornalja.com.br\/especiais\/wp-content\/uploads\/sites\/14\/2016\/06\/imagem1-300x96.jpg\" class=\"attachment-medium size-medium wp-post-image\" alt=\"Hist\u00f3ria na Argentina, vergonha no Brasil\" style=\"width:100%;height:100%;object-fit:cover;\" srcset=\"https:\/\/www.jornalja.com.br\/especiais\/wp-content\/uploads\/sites\/14\/2016\/06\/imagem1-300x96.jpg 300w, https:\/\/www.jornalja.com.br\/especiais\/wp-content\/uploads\/sites\/14\/2016\/06\/imagem1.jpg 725w\" sizes=\"(max-width: 300px) 100vw, 300px\" \/><\/a><\/figure>\n\n<h3 class=\"wp-block-post-title\"><a href=\"https:\/\/www.jornalja.com.br\/especiais\/condor-condenada\/\" target=\"_self\" >Hist\u00f3ria na Argentina, vergonha no Brasil<\/a><\/h3>\n<\/li><li class=\"wp-block-post post-79087 post type-post status-publish format-standard has-post-thumbnail hentry category-hotsite-luiz-claudio-cunha tag-eleicoes-2014 tag-eua tag-golbery-do-couto-e-silva tag-imprensa tag-luiz-claudio-cunha tag-sao-paulo tag-sni tag-twitter\">\n<figure style=\"aspect-ratio:16\/9;\" class=\"wp-block-post-featured-image\"><a href=\"https:\/\/www.jornalja.com.br\/especiais\/golbery-neto-fez-apenas-102-votos-mas-avo-esta-mais-vivo-do-que-nunca\/\" target=\"_self\"  ><img decoding=\"async\" width=\"300\" height=\"180\" src=\"https:\/\/www.jornalja.com.br\/especiais\/wp-content\/uploads\/sites\/14\/2014\/11\/golbery-300x180.jpg\" class=\"attachment-medium size-medium wp-post-image\" alt=\"Golbery: neto fez 102 votos, mas av\u00f4 est\u00e1 mais vivo do que nunca\" style=\"width:100%;height:100%;object-fit:cover;\" srcset=\"https:\/\/www.jornalja.com.br\/especiais\/wp-content\/uploads\/sites\/14\/2014\/11\/golbery-300x180.jpg 300w, https:\/\/www.jornalja.com.br\/especiais\/wp-content\/uploads\/sites\/14\/2014\/11\/golbery-1024x615.jpg 1024w, https:\/\/www.jornalja.com.br\/especiais\/wp-content\/uploads\/sites\/14\/2014\/11\/golbery-768x461.jpg 768w, https:\/\/www.jornalja.com.br\/especiais\/wp-content\/uploads\/sites\/14\/2014\/11\/golbery.jpg 1086w\" sizes=\"(max-width: 300px) 100vw, 300px\" \/><\/a><\/figure>\n\n<h3 class=\"wp-block-post-title\"><a href=\"https:\/\/www.jornalja.com.br\/especiais\/golbery-neto-fez-apenas-102-votos-mas-avo-esta-mais-vivo-do-que-nunca\/\" target=\"_self\" >Golbery: neto fez 102 votos, mas av\u00f4 est\u00e1 mais vivo do que nunca<\/a><\/h3>\n<\/li><li class=\"wp-block-post post-79405 post type-post status-publish format-standard has-post-thumbnail hentry category-hotsite-luiz-claudio-cunha tag-golbery-do-couto-e-silva tag-imprensa tag-realengo tag-servico-secreto tag-sni\">\n<figure style=\"aspect-ratio:16\/9;\" class=\"wp-block-post-featured-image\"><a href=\"https:\/\/www.jornalja.com.br\/especiais\/benfeitor-em-rio-grande-malfeitor-no-brasil\/\" target=\"_self\"  ><img decoding=\"async\" width=\"300\" height=\"180\" src=\"https:\/\/www.jornalja.com.br\/especiais\/wp-content\/uploads\/sites\/14\/2011\/09\/826-general-golbery-do-couto-e-silva-ao-lado-de-ernesto-geisel-1-300x180.jpg\" class=\"attachment-medium size-medium wp-post-image\" alt=\"Benfeitor em Rio Grande, malfeitor no Brasil\" style=\"width:100%;height:100%;object-fit:cover;\" srcset=\"https:\/\/www.jornalja.com.br\/especiais\/wp-content\/uploads\/sites\/14\/2011\/09\/826-general-golbery-do-couto-e-silva-ao-lado-de-ernesto-geisel-1-300x180.jpg 300w, https:\/\/www.jornalja.com.br\/especiais\/wp-content\/uploads\/sites\/14\/2011\/09\/826-general-golbery-do-couto-e-silva-ao-lado-de-ernesto-geisel-1-1024x614.jpg 1024w, https:\/\/www.jornalja.com.br\/especiais\/wp-content\/uploads\/sites\/14\/2011\/09\/826-general-golbery-do-couto-e-silva-ao-lado-de-ernesto-geisel-1-768x461.jpg 768w, https:\/\/www.jornalja.com.br\/especiais\/wp-content\/uploads\/sites\/14\/2011\/09\/826-general-golbery-do-couto-e-silva-ao-lado-de-ernesto-geisel-1.jpg 1200w\" sizes=\"(max-width: 300px) 100vw, 300px\" \/><\/a><\/figure>\n\n<h3 class=\"wp-block-post-title\"><a href=\"https:\/\/www.jornalja.com.br\/especiais\/benfeitor-em-rio-grande-malfeitor-no-brasil\/\" target=\"_self\" >Benfeitor em Rio Grande, malfeitor no Brasil<\/a><\/h3>\n<\/li><\/ul>\n\n<\/div>\n<\/div>\n","protected":false},"excerpt":{"rendered":"<p>Jornalista com a carreira marcada pela reportagem investigativa e pela pol\u00edtica, Luiz Cl\u00e1udio Cunha amealhou variados pr\u00eamios, cobriu epis\u00f3dios pol\u00edticos marcantes e escreveu sobre crimes contra os direitos humanos realizados pelas ditaduras militares do Cone Sul. Dentre seus trabalhos mais importantes,&nbsp; destaca-se a s\u00e9rie \u201cSequestro dos Uruguaios\u201d, pr\u00eamio principal do Esso de Jornalismo de 1979,&nbsp; [&hellip;]<\/p>\n","protected":false},"author":1,"featured_media":79386,"parent":5,"menu_order":93,"comment_status":"closed","ping_status":"closed","template":"p-gina-sem-foto","meta":{"footnotes":""},"class_list":["post-79118","page","type-page","status-publish","has-post-thumbnail","hentry"],"aioseo_notices":[],"jetpack_sharing_enabled":true,"_links":{"self":[{"href":"https:\/\/www.jornalja.com.br\/especiais\/wp-json\/wp\/v2\/pages\/79118","targetHints":{"allow":["GET"]}}],"collection":[{"href":"https:\/\/www.jornalja.com.br\/especiais\/wp-json\/wp\/v2\/pages"}],"about":[{"href":"https:\/\/www.jornalja.com.br\/especiais\/wp-json\/wp\/v2\/types\/page"}],"author":[{"embeddable":true,"href":"https:\/\/www.jornalja.com.br\/especiais\/wp-json\/wp\/v2\/users\/1"}],"replies":[{"embeddable":true,"href":"https:\/\/www.jornalja.com.br\/especiais\/wp-json\/wp\/v2\/comments?post=79118"}],"version-history":[{"count":7,"href":"https:\/\/www.jornalja.com.br\/especiais\/wp-json\/wp\/v2\/pages\/79118\/revisions"}],"predecessor-version":[{"id":79623,"href":"https:\/\/www.jornalja.com.br\/especiais\/wp-json\/wp\/v2\/pages\/79118\/revisions\/79623"}],"up":[{"embeddable":true,"href":"https:\/\/www.jornalja.com.br\/especiais\/wp-json\/wp\/v2\/pages\/5"}],"wp:featuredmedia":[{"embeddable":true,"href":"https:\/\/www.jornalja.com.br\/especiais\/wp-json\/wp\/v2\/media\/79386"}],"wp:attachment":[{"href":"https:\/\/www.jornalja.com.br\/especiais\/wp-json\/wp\/v2\/media?parent=79118"}],"curies":[{"name":"wp","href":"https:\/\/api.w.org\/{rel}","templated":true}]}}